{"id":8471,"date":"2024-07-17T14:54:08","date_gmt":"2024-07-17T12:54:08","guid":{"rendered":"https:\/\/jacobins.toulouse.fr\/fr\/?post_type=offre-pedagogique&#038;p=8471"},"modified":"2025-10-08T15:16:30","modified_gmt":"2025-10-08T13:16:30","slug":"mon-petit-sac-de-decouverte","status":"publish","type":"offre-pedagogique","link":"https:\/\/jacobins.toulouse.fr\/fr\/offre-pedagogique\/mon-petit-sac-de-decouverte\/","title":{"rendered":"Mon petit sac de d\u00e9couverte"},"content":{"rendered":"<section class=\"section-group\"><div class=\"container\"><div class=\"pure-g\">\n<div class=\"wp-block-group is-layout-constrained wp-block-group-is-layout-constrained\">\n<p>Les activit\u00e9s propos\u00e9es par le Couvent des Jacobins sont pens\u00e9es en accord avec les caract\u00e9ristiques des publics cibles.<\/p>\n\n\n\n<p class=\"has-black-color has-text-color\" style=\"font-size:19px\">Munis d\u2019un petit sac remis \u00e0 l\u2019accueil, les \u00e9l\u00e8ves partent \u00e0 la d\u00e9couverte du couvent \u00e0 travers un parcours ludique et \u00e9ducatif compos\u00e9 de cinq \u00e9tapes. Guid\u00e9s par leurs accompagnants, ils explorent l\u2019histoire et les richesses architecturales du lieu tout en s\u2019amusant. Les adultes ont un r\u00f4le cl\u00e9. Ils lisent le livret, animent les activit\u00e9s et encouragent la curiosit\u00e9 des enfants. Leur participation favorise une <strong>d\u00e9couverte active et participative du patrimoine<\/strong>.<\/p>\n\n\n\n<p class=\"has-black-color has-text-color\" style=\"font-size:19px\">Une exp\u00e9rience immersive, id\u00e9ale pour une sortie scolaire alliant <strong>patrimoine, jeu et apprentissage<\/strong>.<\/p>\n\n\n\n<p class=\"has-black-color has-text-color\" style=\"font-size:19px\">Les petits sacs sont rendus \u00e0 l\u2019accueil en fin de visite.<br><strong>Cette activit\u00e9 est une visite en autonomie (avec support p\u00e9dagogique) <\/strong>avec une classe enti\u00e8re pr\u00e9alablement<strong> divis\u00e9e en 5 groupes.<\/strong><\/p>\n<\/div>\n<\/div><\/div><\/section>\n\n\n<div class=\"wp-block-buttons is-content-justification-center is-layout-flex wp-container-core-buttons-is-layout-16018d1d wp-block-buttons-is-layout-flex\">\n<div class=\"wp-block-button\"><a class=\"wp-block-button__link wp-element-button\" href=\"https:\/\/jacobins.toulouse.fr\/fr\/offre-pedagogique\/#reservation-scolaire\">R\u00e9server<\/a><\/div>\n<\/div>\n\n\n    <section class=\"gutenberg-immersive-visual alignfull\">\n<img loading=\"lazy\" decoding=\"async\" width=\"2880\" height=\"264\" src=\"https:\/\/jacobins.toulouse.fr\/wp-content\/uploads\/sites\/12\/2023\/08\/Colorama-Bas.png\" class=\"attachment-full size-full\" alt=\"\" title=\"\" srcset=\"https:\/\/jacobins.toulouse.fr\/wp-content\/uploads\/sites\/12\/2023\/08\/Colorama-Bas.png 2880w, https:\/\/jacobins.toulouse.fr\/wp-content\/uploads\/sites\/12\/2023\/08\/Colorama-Bas-300x28.png 300w, https:\/\/jacobins.toulouse.fr\/wp-content\/uploads\/sites\/12\/2023\/08\/Colorama-Bas-1024x94.png 1024w, https:\/\/jacobins.toulouse.fr\/wp-content\/uploads\/sites\/12\/2023\/08\/Colorama-Bas-768x70.png 768w, https:\/\/jacobins.toulouse.fr\/wp-content\/uploads\/sites\/12\/2023\/08\/Colorama-Bas-1536x141.png 1536w, https:\/\/jacobins.toulouse.fr\/wp-content\/uploads\/sites\/12\/2023\/08\/Colorama-Bas-2048x188.png 2048w, https:\/\/jacobins.toulouse.fr\/wp-content\/uploads\/sites\/12\/2023\/08\/Colorama-Bas-414x38.png 414w\" sizes=\"(max-width: 2880px) 100vw, 2880px\" itemprop=\"image\" \/>    <\/section>\n","protected":false},"excerpt":{"rendered":"<p>D\u00e9couvrez l&rsquo;histoire du couvent en suivant les cinq \u00e9tapes d\u00e9taill\u00e9es dans le livret de visite, disponible dans le petit sac r\u00e9cup\u00e9r\u00e9 \u00e0 l&rsquo;accueil.<\/p>\n","protected":false},"featured_media":1353,"template":"","meta":{"_acf_changed":false,"tlsm_offpedago_duree":"45min \u00e0 1h","type-offre-pegagogique":""},"visite-lieu":[32],"visite-public":[52,33],"type-offre-pegagogique":[72],"class_list":["post-8471","offre-pedagogique","type-offre-pedagogique","status-publish","has-post-thumbnail","hentry","visite-lieu-couvent-des-jacobins","visite-public-cycle-1","visite-public-cycle-2","type-offre-pegagogique-visite-en-autonomie"],"acf":[],"yoast_head":"<!-- This site is optimized with the Yoast SEO plugin v27.0 - https:\/\/yoast.com\/product\/yoast-seo-wordpress\/ -->\n<title>Mon petit sac de d\u00e9couverte - Couvent des Jacobins<\/title>\n<meta name=\"description\" content=\"Une visite en autonomie du couvent, en cinq \u00e9tapes, pour d\u00e9couvrir son histoire gr\u00e2ce \u00e0 notre pack disponible \u00e0 l&#039;accueil.\" \/>\n<meta name=\"robots\" content=\"index, follow, max-snippet:-1, max-image-preview:large, max-video-preview:-1\" \/>\n<link rel=\"canonical\" href=\"https:\/\/jacobins.toulouse.fr\/fr\/offre-pedagogique\/mon-petit-sac-de-decouverte\/\" \/>\n<meta property=\"og:locale\" content=\"fr_FR\" \/>\n<meta property=\"og:type\" content=\"article\" \/>\n<meta property=\"og:title\" content=\"Mon petit sac de d\u00e9couverte - Couvent des Jacobins\" \/>\n<meta property=\"og:description\" content=\"Une visite en autonomie du couvent, en cinq \u00e9tapes, pour d\u00e9couvrir son histoire gr\u00e2ce \u00e0 notre pack disponible \u00e0 l&#039;accueil.\" \/>\n<meta property=\"og:url\" content=\"https:\/\/jacobins.toulouse.fr\/fr\/offre-pedagogique\/mon-petit-sac-de-decouverte\/\" \/>\n<meta property=\"og:site_name\" content=\"Couvent des Jacobins\" \/>\n<meta property=\"article:modified_time\" content=\"2025-10-08T13:16:30+00:00\" \/>\n<meta property=\"og:image\" content=\"https:\/\/jacobins.toulouse.fr\/wp-content\/uploads\/sites\/12\/2023\/09\/Livret-decouverte_\u00a9Communication-Couvent-des-Jacobins.jpg\" \/>\n\t<meta property=\"og:image:width\" content=\"700\" \/>\n\t<meta property=\"og:image:height\" content=\"600\" \/>\n\t<meta property=\"og:image:type\" content=\"image\/jpeg\" \/>\n<meta name=\"twitter:card\" content=\"summary_large_image\" \/>\n<meta name=\"twitter:label1\" content=\"Dur\u00e9e de lecture estim\u00e9e\" \/>\n\t<meta name=\"twitter:data1\" content=\"1 minute\" \/>\n<script type=\"application\/ld+json\" class=\"yoast-schema-graph\">{\"@context\":\"https:\/\/schema.org\",\"@graph\":[{\"@type\":\"WebPage\",\"@id\":\"https:\/\/jacobins.toulouse.fr\/fr\/offre-pedagogique\/mon-petit-sac-de-decouverte\/\",\"url\":\"https:\/\/jacobins.toulouse.fr\/fr\/offre-pedagogique\/mon-petit-sac-de-decouverte\/\",\"name\":\"Mon petit sac de d\u00e9couverte - Couvent des Jacobins\",\"isPartOf\":{\"@id\":\"https:\/\/jacobins.toulouse.fr\/fr\/#website\"},\"primaryImageOfPage\":{\"@id\":\"https:\/\/jacobins.toulouse.fr\/fr\/offre-pedagogique\/mon-petit-sac-de-decouverte\/#primaryimage\"},\"image\":{\"@id\":\"https:\/\/jacobins.toulouse.fr\/fr\/offre-pedagogique\/mon-petit-sac-de-decouverte\/#primaryimage\"},\"thumbnailUrl\":\"https:\/\/jacobins.toulouse.fr\/wp-content\/uploads\/sites\/12\/2023\/09\/Livret-decouverte_\u00a9Communication-Couvent-des-Jacobins.jpg\",\"datePublished\":\"2024-07-17T12:54:08+00:00\",\"dateModified\":\"2025-10-08T13:16:30+00:00\",\"description\":\"Une visite en autonomie du couvent, en cinq \u00e9tapes, pour d\u00e9couvrir son histoire gr\u00e2ce \u00e0 notre pack disponible \u00e0 l'accueil.\",\"breadcrumb\":{\"@id\":\"https:\/\/jacobins.toulouse.fr\/fr\/offre-pedagogique\/mon-petit-sac-de-decouverte\/#breadcrumb\"},\"inLanguage\":\"fr-FR\",\"potentialAction\":[{\"@type\":\"ReadAction\",\"target\":[\"https:\/\/jacobins.toulouse.fr\/fr\/offre-pedagogique\/mon-petit-sac-de-decouverte\/\"]}]},{\"@type\":\"ImageObject\",\"inLanguage\":\"fr-FR\",\"@id\":\"https:\/\/jacobins.toulouse.fr\/fr\/offre-pedagogique\/mon-petit-sac-de-decouverte\/#primaryimage\",\"url\":\"https:\/\/jacobins.toulouse.fr\/wp-content\/uploads\/sites\/12\/2023\/09\/Livret-decouverte_\u00a9Communication-Couvent-des-Jacobins.jpg\",\"contentUrl\":\"https:\/\/jacobins.toulouse.fr\/wp-content\/uploads\/sites\/12\/2023\/09\/Livret-decouverte_\u00a9Communication-Couvent-des-Jacobins.jpg\",\"width\":700,\"height\":600,\"caption\":\"M\u00e8re et sa fille, de dos, avec le livret d\u00e9couverte du Couvent des Jacobins\"},{\"@type\":\"BreadcrumbList\",\"@id\":\"https:\/\/jacobins.toulouse.fr\/fr\/offre-pedagogique\/mon-petit-sac-de-decouverte\/#breadcrumb\",\"itemListElement\":[{\"@type\":\"ListItem\",\"position\":1,\"name\":\"Accueil\",\"item\":\"https:\/\/jacobins.toulouse.fr\/fr\/\"},{\"@type\":\"ListItem\",\"position\":2,\"name\":\"Offre p\u00e9dagogique\",\"item\":\"https:\/\/jacobins.toulouse.fr\/fr\/offre-pedagogique\/\"},{\"@type\":\"ListItem\",\"position\":3,\"name\":\"Mon petit sac de d\u00e9couverte\"}]},{\"@type\":\"WebSite\",\"@id\":\"https:\/\/jacobins.toulouse.fr\/fr\/#website\",\"url\":\"https:\/\/jacobins.toulouse.fr\/fr\/\",\"name\":\"Couvent des Jacobins\",\"description\":\"\",\"publisher\":{\"@id\":\"https:\/\/jacobins.toulouse.fr\/fr\/#organization\"},\"potentialAction\":[{\"@type\":\"SearchAction\",\"target\":{\"@type\":\"EntryPoint\",\"urlTemplate\":\"https:\/\/jacobins.toulouse.fr\/fr\/search\/{search_term_string}\"},\"query-input\":{\"@type\":\"PropertyValueSpecification\",\"valueRequired\":true,\"valueName\":\"search_term_string\"}}],\"inLanguage\":\"fr-FR\"},{\"@type\":\"Organization\",\"@id\":\"https:\/\/jacobins.toulouse.fr\/fr\/#organization\",\"name\":\"Couvent des Jacobins\",\"url\":\"https:\/\/jacobins.toulouse.fr\/fr\/\",\"logo\":{\"@type\":\"ImageObject\",\"inLanguage\":\"fr-FR\",\"@id\":\"https:\/\/jacobins.toulouse.fr\/fr\/#\/schema\/logo\/image\/\",\"url\":\"https:\/\/jacobins.toulouse.fr\/wp-content\/uploads\/sites\/12\/2023\/08\/cropped-cropped-Logo-Jacobins.png\",\"contentUrl\":\"https:\/\/jacobins.toulouse.fr\/wp-content\/uploads\/sites\/12\/2023\/08\/cropped-cropped-Logo-Jacobins.png\",\"width\":254,\"height\":150,\"caption\":\"Couvent des Jacobins\"},\"image\":{\"@id\":\"https:\/\/jacobins.toulouse.fr\/fr\/#\/schema\/logo\/image\/\"}}]}<\/script>\n<!-- \/ Yoast SEO plugin. -->","yoast_head_json":{"title":"Mon petit sac de d\u00e9couverte - Couvent des Jacobins","description":"Une visite en autonomie du couvent, en cinq \u00e9tapes, pour d\u00e9couvrir son histoire gr\u00e2ce \u00e0 notre pack disponible \u00e0 l'accueil.","robots":{"index":"index","follow":"follow","max-snippet":"max-snippet:-1","max-image-preview":"max-image-preview:large","max-video-preview":"max-video-preview:-1"},"canonical":"https:\/\/jacobins.toulouse.fr\/fr\/offre-pedagogique\/mon-petit-sac-de-decouverte\/","og_locale":"fr_FR","og_type":"article","og_title":"Mon petit sac de d\u00e9couverte - Couvent des Jacobins","og_description":"Une visite en autonomie du couvent, en cinq \u00e9tapes, pour d\u00e9couvrir son histoire gr\u00e2ce \u00e0 notre pack disponible \u00e0 l'accueil.","og_url":"https:\/\/jacobins.toulouse.fr\/fr\/offre-pedagogique\/mon-petit-sac-de-decouverte\/","og_site_name":"Couvent des Jacobins","article_modified_time":"2025-10-08T13:16:30+00:00","og_image":[{"width":700,"height":600,"url":"https:\/\/jacobins.toulouse.fr\/wp-content\/uploads\/sites\/12\/2023\/09\/Livret-decouverte_\u00a9Communication-Couvent-des-Jacobins.jpg","type":"image\/jpeg"}],"twitter_card":"summary_large_image","twitter_misc":{"Dur\u00e9e de lecture estim\u00e9e":"1 minute"},"schema":{"@context":"https:\/\/schema.org","@graph":[{"@type":"WebPage","@id":"https:\/\/jacobins.toulouse.fr\/fr\/offre-pedagogique\/mon-petit-sac-de-decouverte\/","url":"https:\/\/jacobins.toulouse.fr\/fr\/offre-pedagogique\/mon-petit-sac-de-decouverte\/","name":"Mon petit sac de d\u00e9couverte - Couvent des Jacobins","isPartOf":{"@id":"https:\/\/jacobins.toulouse.fr\/fr\/#website"},"primaryImageOfPage":{"@id":"https:\/\/jacobins.toulouse.fr\/fr\/offre-pedagogique\/mon-petit-sac-de-decouverte\/#primaryimage"},"image":{"@id":"https:\/\/jacobins.toulouse.fr\/fr\/offre-pedagogique\/mon-petit-sac-de-decouverte\/#primaryimage"},"thumbnailUrl":"https:\/\/jacobins.toulouse.fr\/wp-content\/uploads\/sites\/12\/2023\/09\/Livret-decouverte_\u00a9Communication-Couvent-des-Jacobins.jpg","datePublished":"2024-07-17T12:54:08+00:00","dateModified":"2025-10-08T13:16:30+00:00","description":"Une visite en autonomie du couvent, en cinq \u00e9tapes, pour d\u00e9couvrir son histoire gr\u00e2ce \u00e0 notre pack disponible \u00e0 l'accueil.","breadcrumb":{"@id":"https:\/\/jacobins.toulouse.fr\/fr\/offre-pedagogique\/mon-petit-sac-de-decouverte\/#breadcrumb"},"inLanguage":"fr-FR","potentialAction":[{"@type":"ReadAction","target":["https:\/\/jacobins.toulouse.fr\/fr\/offre-pedagogique\/mon-petit-sac-de-decouverte\/"]}]},{"@type":"ImageObject","inLanguage":"fr-FR","@id":"https:\/\/jacobins.toulouse.fr\/fr\/offre-pedagogique\/mon-petit-sac-de-decouverte\/#primaryimage","url":"https:\/\/jacobins.toulouse.fr\/wp-content\/uploads\/sites\/12\/2023\/09\/Livret-decouverte_\u00a9Communication-Couvent-des-Jacobins.jpg","contentUrl":"https:\/\/jacobins.toulouse.fr\/wp-content\/uploads\/sites\/12\/2023\/09\/Livret-decouverte_\u00a9Communication-Couvent-des-Jacobins.jpg","width":700,"height":600,"caption":"M\u00e8re et sa fille, de dos, avec le livret d\u00e9couverte du Couvent des Jacobins"},{"@type":"BreadcrumbList","@id":"https:\/\/jacobins.toulouse.fr\/fr\/offre-pedagogique\/mon-petit-sac-de-decouverte\/#breadcrumb","itemListElement":[{"@type":"ListItem","position":1,"name":"Accueil","item":"https:\/\/jacobins.toulouse.fr\/fr\/"},{"@type":"ListItem","position":2,"name":"Offre p\u00e9dagogique","item":"https:\/\/jacobins.toulouse.fr\/fr\/offre-pedagogique\/"},{"@type":"ListItem","position":3,"name":"Mon petit sac de d\u00e9couverte"}]},{"@type":"WebSite","@id":"https:\/\/jacobins.toulouse.fr\/fr\/#website","url":"https:\/\/jacobins.toulouse.fr\/fr\/","name":"Couvent des Jacobins","description":"","publisher":{"@id":"https:\/\/jacobins.toulouse.fr\/fr\/#organization"},"potentialAction":[{"@type":"SearchAction","target":{"@type":"EntryPoint","urlTemplate":"https:\/\/jacobins.toulouse.fr\/fr\/search\/{search_term_string}"},"query-input":{"@type":"PropertyValueSpecification","valueRequired":true,"valueName":"search_term_string"}}],"inLanguage":"fr-FR"},{"@type":"Organization","@id":"https:\/\/jacobins.toulouse.fr\/fr\/#organization","name":"Couvent des Jacobins","url":"https:\/\/jacobins.toulouse.fr\/fr\/","logo":{"@type":"ImageObject","inLanguage":"fr-FR","@id":"https:\/\/jacobins.toulouse.fr\/fr\/#\/schema\/logo\/image\/","url":"https:\/\/jacobins.toulouse.fr\/wp-content\/uploads\/sites\/12\/2023\/08\/cropped-cropped-Logo-Jacobins.png","contentUrl":"https:\/\/jacobins.toulouse.fr\/wp-content\/uploads\/sites\/12\/2023\/08\/cropped-cropped-Logo-Jacobins.png","width":254,"height":150,"caption":"Couvent des Jacobins"},"image":{"@id":"https:\/\/jacobins.toulouse.fr\/fr\/#\/schema\/logo\/image\/"}}]}},"_links":{"self":[{"href":"https:\/\/jacobins.toulouse.fr\/fr\/wp-json\/wp\/v2\/offre-pedagogique\/8471","targetHints":{"allow":["GET"]}}],"collection":[{"href":"https:\/\/jacobins.toulouse.fr\/fr\/wp-json\/wp\/v2\/offre-pedagogique"}],"about":[{"href":"https:\/\/jacobins.toulouse.fr\/fr\/wp-json\/wp\/v2\/types\/offre-pedagogique"}],"wp:featuredmedia":[{"embeddable":true,"href":"https:\/\/jacobins.toulouse.fr\/fr\/wp-json\/wp\/v2\/media\/1353"}],"wp:attachment":[{"href":"https:\/\/jacobins.toulouse.fr\/fr\/wp-json\/wp\/v2\/media?parent=8471"}],"wp:term":[{"taxonomy":"visite-lieu","embeddable":true,"href":"https:\/\/jacobins.toulouse.fr\/fr\/wp-json\/wp\/v2\/visite-lieu?post=8471"},{"taxonomy":"visite-public","embeddable":true,"href":"https:\/\/jacobins.toulouse.fr\/fr\/wp-json\/wp\/v2\/visite-public?post=8471"},{"taxonomy":"type-offre-pegagogique","embeddable":true,"href":"https:\/\/jacobins.toulouse.fr\/fr\/wp-json\/wp\/v2\/type-offre-pegagogique?post=8471"}],"curies":[{"name":"wp","href":"https:\/\/api.w.org\/{rel}","templated":true}]}}