{"id":10455,"date":"2025-10-28T12:11:51","date_gmt":"2025-10-28T11:11:51","guid":{"rendered":"https:\/\/jacobins.toulouse.fr\/agenda\/noel-aux-jacobins-week-end-musical-et-feerique-a-toulouse\/"},"modified":"2026-04-07T16:46:52","modified_gmt":"2026-04-07T14:46:52","slug":"noel-aux-jacobins-week-end-musical-et-feerique-a-toulouse","status":"publish","type":"onct-event","link":"https:\/\/jacobins.toulouse.fr\/fr\/noel-aux-jacobins\/","title":{"rendered":"No\u00ebl aux Jacobins : week-end musical et f\u00e9\u00e9rique \u00e0 Toulouse"},"content":{"rendered":"<section class=\"section-group\"><div class=\"container\"><div class=\"pure-g\">\n<div class=\"wp-block-group is-layout-constrained wp-block-group-is-layout-constrained\">\n<h2 class=\"wp-block-heading\" id=\"le-charme-de-noel-dans-un-lieu-unique\">Le charme de No\u00ebl dans un lieu unique&nbsp;<\/h2>\n\n\n\n<p>\u00c0 l\u2019approche des f\u00eates, le sapin de No\u00ebl des Jacobins, install\u00e9 dans la salle capitulaire, se pare de ses plus beaux atours (les d\u00e9corations r\u00e9alis\u00e9es par les visiteurs \u00e0 l\u2019occasion de l\u2019atelier \u201cD\u00e9core notre sapin\u201d). Id\u00e9al pour profiter d\u2019un moment suspendu dans le temps !&nbsp;<\/p>\n\n\n\n<p><strong>Rappel :<\/strong> la visite guid\u00e9e du monument se r\u00e9serve sur notre <a href=\"https:\/\/billetterie.couvent-jacobins.toulouse.fr\/selection\/timeslotpass?productId=10229241105136\">billetterie<\/a>.<br>Les animations durent 30minutes et d\u00e9butent dans le r\u00e9fectoire.<\/p>\n\n\n\n<h3 class=\"wp-block-heading\" id=\"programme-noel\">Samedi 6 d\u00e9cembre&nbsp;<\/h3>\n\n\n\n<p>Le Conservatoire \u00e0 Rayonnement R\u00e9gional de Toulouse s\u2019invite aux Jacobins pour une journ\u00e9e plac\u00e9e sous le signe du chant. Des voix d\u2019enfants aux ch\u0153urs gr\u00e9goriens, des traditions occitanes aux m\u00e9lodies intemporelles, chaque performance vous immerge dans la magie de No\u00ebl.&nbsp;<\/p>\n\n\n\n<p>Les animations &amp; concerts sont comprises dans le billet d&rsquo;entr\u00e9e.<\/p>\n\n\n\n<ul class=\"wp-block-list\">\n<li><strong>11h-11h30<\/strong> : Ch\u0153ur du conservatoire (7\u20139 ans)&nbsp;<\/li>\n\n\n\n<li><strong>11h30<\/strong> : Animation <em>La magie de No\u00ebl<\/em>&nbsp;<\/li>\n\n\n\n<li><strong>12h-13h<\/strong> : Ch\u0153ur gr\u00e9gorien&nbsp;&nbsp;+ ch\u0153ur \u00e9l\u00e9mentaire&nbsp;du Conservatoire<\/li>\n\n\n\n<li><strong>15h-15h30<\/strong> : Polyphonies traditionnelles&nbsp;occitanes&nbsp;<\/li>\n\n\n\n<li><strong>15h30<\/strong> :&nbsp;Animation&nbsp;<em>La magie de No\u00ebl<\/em> <\/li>\n\n\n\n<li><strong>16h-16h30<\/strong> : Polyphonies traditionnelles&nbsp;occitanes&nbsp;&nbsp;<\/li>\n\n\n\n<li><strong>16h <\/strong>:&nbsp;Visite guid\u00e9e du monument&nbsp;<\/li>\n\n\n\n<li><strong>16h30<\/strong> : Animation&nbsp;<em>La magie de No\u00ebl<\/em> <\/li>\n<\/ul>\n\n\n\n<h3 class=\"wp-block-heading\" id=\"dimanche-7-decembre\">Dimanche 7 d\u00e9cembre&nbsp;<\/h3>\n\n\n\n<p>Le dimanche, place aux sonorit\u00e9s envo\u00fbtantes d\u2019un quatuor de saxophones f\u00e9minin toulousain, pour une s\u00e9rie de mini-concerts tout au long de la journ\u00e9e.&nbsp;<br>Leur r\u00e9pertoire, m\u00ealant grands classiques et airs de No\u00ebl, enveloppe le public d\u2019une douce m\u00e9lodie, parfaite pour r\u00eaver, chanter et partager un moment en famille.&nbsp;<\/p>\n\n\n\n<ul class=\"wp-block-list\">\n<li><strong>11h<\/strong> :&nbsp;Animation&nbsp;<em>La magie de No\u00ebl<\/em> <\/li>\n\n\n\n<li><strong>11h30-12h<\/strong> : Quatuor de saxophones&nbsp;Je2Dam&rsquo;<\/li>\n\n\n\n<li><strong>14h30-15h<\/strong> : Quatuor de saxophones&nbsp;Je2Dam&rsquo;<\/li>\n\n\n\n<li><strong>15h<\/strong> :&nbsp;Animation&nbsp;&nbsp;<em>La magie de No\u00ebl<\/em> &nbsp;<\/li>\n\n\n\n<li><strong>15h30-16h<\/strong> : Quatuor de saxophones Je2Dam&rsquo;&nbsp;<\/li>\n\n\n\n<li><strong>16h<\/strong> :&nbsp;Animation&nbsp;&nbsp;<em>La magie de No\u00ebl<\/em> &nbsp;<\/li>\n\n\n\n<li><strong>16h<\/strong> : Visite guid\u00e9e du monument&nbsp;<\/li>\n\n\n\n<li><strong>17h-17h30 <\/strong>: Quatuor de saxophones&nbsp;Je2Dam&rsquo;<\/li>\n<\/ul>\n\n\n\n    <div class=\"wp-block-gallery columns-4 is-cropped\">\n        <ul class=\"blocks-gallery-grid\">\n                            <li class=\"blocks-gallery-item\">\n                    <figure >\n                        <img loading=\"lazy\" decoding=\"async\" width=\"150\" height=\"150\" src=\"https:\/\/jacobins.toulouse.fr\/wp-content\/uploads\/sites\/12\/2025\/10\/Photo-1-Paysage-Copyright-Thirdman-150x150.jpg\" class=\"attachment-4xnone size-4xnone\" alt=\"\" srcset=\"https:\/\/jacobins.toulouse.fr\/wp-content\/uploads\/sites\/12\/2025\/10\/Photo-1-Paysage-Copyright-Thirdman-150x150.jpg 150w, https:\/\/jacobins.toulouse.fr\/wp-content\/uploads\/sites\/12\/2025\/10\/Photo-1-Paysage-Copyright-Thirdman-600x600.jpg 600w\" sizes=\"(max-width: 150px) 100vw, 150px\" itemprop=\"image\" \/>                                                                    <\/figure>\n                <\/li>\n                            <li class=\"blocks-gallery-item\">\n                    <figure >\n                        <img loading=\"lazy\" decoding=\"async\" width=\"150\" height=\"150\" src=\"https:\/\/jacobins.toulouse.fr\/wp-content\/uploads\/sites\/12\/2025\/10\/IMG_1030-150x150.jpg\" class=\"attachment-4xnone size-4xnone\" alt=\"\" srcset=\"https:\/\/jacobins.toulouse.fr\/wp-content\/uploads\/sites\/12\/2025\/10\/IMG_1030-150x150.jpg 150w, https:\/\/jacobins.toulouse.fr\/wp-content\/uploads\/sites\/12\/2025\/10\/IMG_1030-600x600.jpg 600w\" sizes=\"(max-width: 150px) 100vw, 150px\" itemprop=\"image\" \/>                                                                    <\/figure>\n                <\/li>\n                            <li class=\"blocks-gallery-item\">\n                    <figure >\n                        <img loading=\"lazy\" decoding=\"async\" width=\"150\" height=\"150\" src=\"https:\/\/jacobins.toulouse.fr\/wp-content\/uploads\/sites\/12\/2025\/10\/20251207-Noel-aux-Jacobins-Alexandre-Ollier-19-150x150.jpg\" class=\"attachment-4xnone size-4xnone\" alt=\"\" srcset=\"https:\/\/jacobins.toulouse.fr\/wp-content\/uploads\/sites\/12\/2025\/10\/20251207-Noel-aux-Jacobins-Alexandre-Ollier-19-150x150.jpg 150w, https:\/\/jacobins.toulouse.fr\/wp-content\/uploads\/sites\/12\/2025\/10\/20251207-Noel-aux-Jacobins-Alexandre-Ollier-19-600x600.jpg 600w\" sizes=\"(max-width: 150px) 100vw, 150px\" itemprop=\"image\" \/>                                                                    <\/figure>\n                <\/li>\n                            <li class=\"blocks-gallery-item\">\n                    <figure >\n                        <img loading=\"lazy\" decoding=\"async\" width=\"150\" height=\"150\" src=\"https:\/\/jacobins.toulouse.fr\/wp-content\/uploads\/sites\/12\/2025\/10\/20251207-Noel-aux-Jacobins-Alexandre-Ollier-31-150x150.jpg\" class=\"attachment-4xnone size-4xnone\" alt=\"\" srcset=\"https:\/\/jacobins.toulouse.fr\/wp-content\/uploads\/sites\/12\/2025\/10\/20251207-Noel-aux-Jacobins-Alexandre-Ollier-31-150x150.jpg 150w, https:\/\/jacobins.toulouse.fr\/wp-content\/uploads\/sites\/12\/2025\/10\/20251207-Noel-aux-Jacobins-Alexandre-Ollier-31-600x600.jpg 600w\" sizes=\"(max-width: 150px) 100vw, 150px\" itemprop=\"image\" \/>                                                                    <\/figure>\n                <\/li>\n                    <\/ul>\n    <\/div>\n<\/div>\n<\/div><\/div><\/section>\n\n<section class=\"section-group\"><div class=\"container\"><div class=\"pure-g\">\n<div class=\"wp-block-group is-layout-constrained wp-block-group-is-layout-constrained\">\n<p>\u00a9Thirdman (photos du conservatoire) \/ \u00a9Odeline Valls (cr\u00e9dit photos accord\u00e9s &#8211; quatuor Saxophone Je2Dam&rsquo;) &amp; \u00a9Alexandre Ollier (photo in situ)<\/p>\n<\/div>\n<\/div><\/div><\/section>\n\n\n<p><\/p>\n","protected":false},"template":"","meta":{"_acf_changed":false,"onct-event-uid":3954448,"onct-event-desc":"<h2>Un week-end enchant\u00e9 au c\u0153ur du Couvent des Jacobins<\/h2>\n<p>L\u2019esprit de No\u00ebl s\u2019invite une nouvelle fois au Couvent des Jacobins de Toulouse pour un week-end musical et f\u00e9\u00e9rique, les samedi 6 et dimanche 7 d\u00e9cembre 2025.<br>Dans la lumi\u00e8re douce des briques et sous les vo\u00fbtes majestueuses de la salle capitulaire, petits et grands sont convi\u00e9s \u00e0 c\u00e9l\u00e9brer la magie des f\u00eates au rythme des ch\u0153urs, des concerts et des animations.<\/p>\n<p><strong>Au programme :<\/strong> ch\u0153urs du Conservatoire, quatuor de saxophones, visites guid\u00e9es autour de <a href=\"https:\/\/jacobins.toulouse.fr\/fr\/la-magie-de-noel\/\">La magie de No\u00ebl<\/a> dans un cadre patrimonial d\u2019exception.<br><strong>Bon plan :<\/strong><\/p>\n<ul>\n<li>Seule la visite guid\u00e9e \u00e0 16h n\u00e9cessite une r\u00e9servation en ligne.<\/li>\n<li>Dimanche 7 d\u00e9cembre est le 1er dimanche du mois ! A ce titre, l'acc\u00e8s au monument est gratuit.<\/li>\n<\/ul>\n<p><a href=\"https:\/\/jacobins.toulouse.fr\/fr\/noel-aux-jacobins\/#programme-noel\">D\u00e9couvrir le d\u00e9tail de la programmation ici.<\/a><\/p>\n","onct-event-short-desc":"Le Couvent des Jacobins de Toulouse c\u00e9l\u00e8bre la magie des f\u00eates avec un week-end musical et f\u00e9\u00e9rique les 6 et 7 d\u00e9cembre 2025. Un moment unique pour vivre l\u2019esprit de No\u00ebl.","onct-event-img":"https:\/\/cdn.openagenda.com\/main\/6c335a44388b4546a0daffe27617d09f.base.image.jpg","onct-event-img-credits":"","onct-event-day":6,"onct-event-month":12,"onct-event-year":2025,"onct-event-hour":11,"onct-event-minute":0,"onct-event-timestamp":1765015200,"onct-event-end-timestamp":1765126800,"onct-event-duration":25200,"onct-event-age-min":0,"onct-event-age-max":0,"onct-event-registration-link":"https:\/\/billetterie.couvent-jacobins.toulouse.fr\/selection\/timeslotpass?productId=10229241105105","onct-event-free-entrance":false,"onct-event-one-day":false,"onct-event-past":true},"onct-event-type":[22],"onct-event-public":[21,25,18],"onct-event-lieu":[19],"onct-event-mot-cle":[1037,1036,1038,1050],"onct-event-accessibilite":[82],"class_list":["post-10455","onct-event","type-onct-event","status-publish","hentry","onct-event-type-insolite","onct-event-public-en-famille","onct-event-public-jeune-public","onct-event-public-tout-public","onct-event-lieu-couvent-des-jacobins307","onct-event-mot-cle-choeur","onct-event-mot-cle-noel","onct-event-mot-cle-noel-famille","onct-event-mot-cle-noel2025","onct-event-accessibilite-handicap-moteur"],"acf":[],"yoast_head":"<!-- This site is optimized with the Yoast SEO plugin v27.0 - https:\/\/yoast.com\/product\/yoast-seo-wordpress\/ -->\n<title>No\u00ebl aux Jacobins : week-end musical et f\u00e9\u00e9rique \u00e0 Toulouse - Couvent des Jacobins<\/title>\n<meta name=\"description\" content=\"Vivez un No\u00ebl f\u00e9\u00e9rique au Couvent des Jacobins \u00e0 Toulouse : concerts, ch\u0153urs et animations les 6 et 7 d\u00e9cembre 2025 pour toute la famille.\" \/>\n<meta name=\"robots\" content=\"index, follow, max-snippet:-1, max-image-preview:large, max-video-preview:-1\" \/>\n<link rel=\"canonical\" href=\"https:\/\/jacobins.toulouse.fr\/fr\/noel-aux-jacobins\/\" \/>\n<meta property=\"og:locale\" content=\"fr_FR\" \/>\n<meta property=\"og:type\" content=\"article\" \/>\n<meta property=\"og:title\" content=\"No\u00ebl aux Jacobins : week-end musical et f\u00e9\u00e9rique \u00e0 Toulouse - Couvent des Jacobins\" \/>\n<meta property=\"og:description\" content=\"Vivez un No\u00ebl f\u00e9\u00e9rique au Couvent des Jacobins \u00e0 Toulouse : concerts, ch\u0153urs et animations les 6 et 7 d\u00e9cembre 2025 pour toute la famille.\" \/>\n<meta property=\"og:url\" content=\"https:\/\/jacobins.toulouse.fr\/fr\/noel-aux-jacobins\/\" \/>\n<meta property=\"og:site_name\" content=\"Couvent des Jacobins\" \/>\n<meta property=\"article:modified_time\" content=\"2026-04-07T14:46:52+00:00\" \/>\n<meta property=\"og:image\" content=\"https:\/\/jacobins.toulouse.fr\/wp-content\/uploads\/sites\/12\/2025\/10\/Photo-1-Paysage-Copyright-Thirdman-1024x683.jpg\" \/>\n<meta name=\"twitter:card\" content=\"summary_large_image\" \/>\n<meta name=\"twitter:label1\" content=\"Dur\u00e9e de lecture estim\u00e9e\" \/>\n\t<meta name=\"twitter:data1\" content=\"3 minutes\" \/>\n<script type=\"application\/ld+json\" class=\"yoast-schema-graph\">{\"@context\":\"https:\/\/schema.org\",\"@graph\":[{\"@type\":\"WebPage\",\"@id\":\"https:\/\/jacobins.toulouse.fr\/fr\/noel-aux-jacobins\/\",\"url\":\"https:\/\/jacobins.toulouse.fr\/fr\/noel-aux-jacobins\/\",\"name\":\"No\u00ebl aux Jacobins : week-end musical et f\u00e9\u00e9rique \u00e0 Toulouse - Couvent des Jacobins\",\"isPartOf\":{\"@id\":\"https:\/\/jacobins.toulouse.fr\/fr\/#website\"},\"primaryImageOfPage\":{\"@id\":\"https:\/\/jacobins.toulouse.fr\/fr\/noel-aux-jacobins\/#primaryimage\"},\"image\":{\"@id\":\"https:\/\/jacobins.toulouse.fr\/fr\/noel-aux-jacobins\/#primaryimage\"},\"thumbnailUrl\":\"https:\/\/jacobins.toulouse.fr\/wp-content\/uploads\/sites\/12\/2025\/10\/Photo-1-Paysage-Copyright-Thirdman-1024x683.jpg\",\"datePublished\":\"2025-10-28T11:11:51+00:00\",\"dateModified\":\"2026-04-07T14:46:52+00:00\",\"description\":\"Vivez un No\u00ebl f\u00e9\u00e9rique au Couvent des Jacobins \u00e0 Toulouse : concerts, ch\u0153urs et animations les 6 et 7 d\u00e9cembre 2025 pour toute la famille.\",\"breadcrumb\":{\"@id\":\"https:\/\/jacobins.toulouse.fr\/fr\/noel-aux-jacobins\/#breadcrumb\"},\"inLanguage\":\"fr-FR\",\"potentialAction\":[{\"@type\":\"ReadAction\",\"target\":[\"https:\/\/jacobins.toulouse.fr\/fr\/noel-aux-jacobins\/\"]}]},{\"@type\":\"ImageObject\",\"inLanguage\":\"fr-FR\",\"@id\":\"https:\/\/jacobins.toulouse.fr\/fr\/noel-aux-jacobins\/#primaryimage\",\"url\":\"https:\/\/jacobins.toulouse.fr\/wp-content\/uploads\/sites\/12\/2025\/10\/Photo-1-Paysage-Copyright-Thirdman-1024x683.jpg\",\"contentUrl\":\"https:\/\/jacobins.toulouse.fr\/wp-content\/uploads\/sites\/12\/2025\/10\/Photo-1-Paysage-Copyright-Thirdman-1024x683.jpg\"},{\"@type\":\"BreadcrumbList\",\"@id\":\"https:\/\/jacobins.toulouse.fr\/fr\/noel-aux-jacobins\/#breadcrumb\",\"itemListElement\":[{\"@type\":\"ListItem\",\"position\":1,\"name\":\"Accueil\",\"item\":\"https:\/\/jacobins.toulouse.fr\/fr\/\"},{\"@type\":\"ListItem\",\"position\":2,\"name\":\"Agenda\",\"item\":\"https:\/\/jacobins.toulouse.fr\/fr\/agenda\/\"},{\"@type\":\"ListItem\",\"position\":3,\"name\":\"No\u00ebl aux Jacobins : week-end musical et f\u00e9\u00e9rique \u00e0 Toulouse\"}]},{\"@type\":\"WebSite\",\"@id\":\"https:\/\/jacobins.toulouse.fr\/fr\/#website\",\"url\":\"https:\/\/jacobins.toulouse.fr\/fr\/\",\"name\":\"Couvent des Jacobins\",\"description\":\"\",\"publisher\":{\"@id\":\"https:\/\/jacobins.toulouse.fr\/fr\/#organization\"},\"potentialAction\":[{\"@type\":\"SearchAction\",\"target\":{\"@type\":\"EntryPoint\",\"urlTemplate\":\"https:\/\/jacobins.toulouse.fr\/fr\/search\/{search_term_string}\"},\"query-input\":{\"@type\":\"PropertyValueSpecification\",\"valueRequired\":true,\"valueName\":\"search_term_string\"}}],\"inLanguage\":\"fr-FR\"},{\"@type\":\"Organization\",\"@id\":\"https:\/\/jacobins.toulouse.fr\/fr\/#organization\",\"name\":\"Couvent des Jacobins\",\"url\":\"https:\/\/jacobins.toulouse.fr\/fr\/\",\"logo\":{\"@type\":\"ImageObject\",\"inLanguage\":\"fr-FR\",\"@id\":\"https:\/\/jacobins.toulouse.fr\/fr\/#\/schema\/logo\/image\/\",\"url\":\"https:\/\/jacobins.toulouse.fr\/wp-content\/uploads\/sites\/12\/2023\/08\/cropped-cropped-Logo-Jacobins.png\",\"contentUrl\":\"https:\/\/jacobins.toulouse.fr\/wp-content\/uploads\/sites\/12\/2023\/08\/cropped-cropped-Logo-Jacobins.png\",\"width\":254,\"height\":150,\"caption\":\"Couvent des Jacobins\"},\"image\":{\"@id\":\"https:\/\/jacobins.toulouse.fr\/fr\/#\/schema\/logo\/image\/\"}}]}<\/script>\n<!-- \/ Yoast SEO plugin. -->","yoast_head_json":{"title":"No\u00ebl aux Jacobins : week-end musical et f\u00e9\u00e9rique \u00e0 Toulouse - Couvent des Jacobins","description":"Vivez un No\u00ebl f\u00e9\u00e9rique au Couvent des Jacobins \u00e0 Toulouse : concerts, ch\u0153urs et animations les 6 et 7 d\u00e9cembre 2025 pour toute la famille.","robots":{"index":"index","follow":"follow","max-snippet":"max-snippet:-1","max-image-preview":"max-image-preview:large","max-video-preview":"max-video-preview:-1"},"canonical":"https:\/\/jacobins.toulouse.fr\/fr\/noel-aux-jacobins\/","og_locale":"fr_FR","og_type":"article","og_title":"No\u00ebl aux Jacobins : week-end musical et f\u00e9\u00e9rique \u00e0 Toulouse - Couvent des Jacobins","og_description":"Vivez un No\u00ebl f\u00e9\u00e9rique au Couvent des Jacobins \u00e0 Toulouse : concerts, ch\u0153urs et animations les 6 et 7 d\u00e9cembre 2025 pour toute la famille.","og_url":"https:\/\/jacobins.toulouse.fr\/fr\/noel-aux-jacobins\/","og_site_name":"Couvent des Jacobins","article_modified_time":"2026-04-07T14:46:52+00:00","og_image":[{"url":"https:\/\/jacobins.toulouse.fr\/wp-content\/uploads\/sites\/12\/2025\/10\/Photo-1-Paysage-Copyright-Thirdman-1024x683.jpg","type":"","width":"","height":""}],"twitter_card":"summary_large_image","twitter_misc":{"Dur\u00e9e de lecture estim\u00e9e":"3 minutes"},"schema":{"@context":"https:\/\/schema.org","@graph":[{"@type":"WebPage","@id":"https:\/\/jacobins.toulouse.fr\/fr\/noel-aux-jacobins\/","url":"https:\/\/jacobins.toulouse.fr\/fr\/noel-aux-jacobins\/","name":"No\u00ebl aux Jacobins : week-end musical et f\u00e9\u00e9rique \u00e0 Toulouse - Couvent des Jacobins","isPartOf":{"@id":"https:\/\/jacobins.toulouse.fr\/fr\/#website"},"primaryImageOfPage":{"@id":"https:\/\/jacobins.toulouse.fr\/fr\/noel-aux-jacobins\/#primaryimage"},"image":{"@id":"https:\/\/jacobins.toulouse.fr\/fr\/noel-aux-jacobins\/#primaryimage"},"thumbnailUrl":"https:\/\/jacobins.toulouse.fr\/wp-content\/uploads\/sites\/12\/2025\/10\/Photo-1-Paysage-Copyright-Thirdman-1024x683.jpg","datePublished":"2025-10-28T11:11:51+00:00","dateModified":"2026-04-07T14:46:52+00:00","description":"Vivez un No\u00ebl f\u00e9\u00e9rique au Couvent des Jacobins \u00e0 Toulouse : concerts, ch\u0153urs et animations les 6 et 7 d\u00e9cembre 2025 pour toute la famille.","breadcrumb":{"@id":"https:\/\/jacobins.toulouse.fr\/fr\/noel-aux-jacobins\/#breadcrumb"},"inLanguage":"fr-FR","potentialAction":[{"@type":"ReadAction","target":["https:\/\/jacobins.toulouse.fr\/fr\/noel-aux-jacobins\/"]}]},{"@type":"ImageObject","inLanguage":"fr-FR","@id":"https:\/\/jacobins.toulouse.fr\/fr\/noel-aux-jacobins\/#primaryimage","url":"https:\/\/jacobins.toulouse.fr\/wp-content\/uploads\/sites\/12\/2025\/10\/Photo-1-Paysage-Copyright-Thirdman-1024x683.jpg","contentUrl":"https:\/\/jacobins.toulouse.fr\/wp-content\/uploads\/sites\/12\/2025\/10\/Photo-1-Paysage-Copyright-Thirdman-1024x683.jpg"},{"@type":"BreadcrumbList","@id":"https:\/\/jacobins.toulouse.fr\/fr\/noel-aux-jacobins\/#breadcrumb","itemListElement":[{"@type":"ListItem","position":1,"name":"Accueil","item":"https:\/\/jacobins.toulouse.fr\/fr\/"},{"@type":"ListItem","position":2,"name":"Agenda","item":"https:\/\/jacobins.toulouse.fr\/fr\/agenda\/"},{"@type":"ListItem","position":3,"name":"No\u00ebl aux Jacobins : week-end musical et f\u00e9\u00e9rique \u00e0 Toulouse"}]},{"@type":"WebSite","@id":"https:\/\/jacobins.toulouse.fr\/fr\/#website","url":"https:\/\/jacobins.toulouse.fr\/fr\/","name":"Couvent des Jacobins","description":"","publisher":{"@id":"https:\/\/jacobins.toulouse.fr\/fr\/#organization"},"potentialAction":[{"@type":"SearchAction","target":{"@type":"EntryPoint","urlTemplate":"https:\/\/jacobins.toulouse.fr\/fr\/search\/{search_term_string}"},"query-input":{"@type":"PropertyValueSpecification","valueRequired":true,"valueName":"search_term_string"}}],"inLanguage":"fr-FR"},{"@type":"Organization","@id":"https:\/\/jacobins.toulouse.fr\/fr\/#organization","name":"Couvent des Jacobins","url":"https:\/\/jacobins.toulouse.fr\/fr\/","logo":{"@type":"ImageObject","inLanguage":"fr-FR","@id":"https:\/\/jacobins.toulouse.fr\/fr\/#\/schema\/logo\/image\/","url":"https:\/\/jacobins.toulouse.fr\/wp-content\/uploads\/sites\/12\/2023\/08\/cropped-cropped-Logo-Jacobins.png","contentUrl":"https:\/\/jacobins.toulouse.fr\/wp-content\/uploads\/sites\/12\/2023\/08\/cropped-cropped-Logo-Jacobins.png","width":254,"height":150,"caption":"Couvent des Jacobins"},"image":{"@id":"https:\/\/jacobins.toulouse.fr\/fr\/#\/schema\/logo\/image\/"}}]}},"_links":{"self":[{"href":"https:\/\/jacobins.toulouse.fr\/fr\/wp-json\/wp\/v2\/onct-events\/10455","targetHints":{"allow":["GET"]}}],"collection":[{"href":"https:\/\/jacobins.toulouse.fr\/fr\/wp-json\/wp\/v2\/onct-events"}],"about":[{"href":"https:\/\/jacobins.toulouse.fr\/fr\/wp-json\/wp\/v2\/types\/onct-event"}],"wp:attachment":[{"href":"https:\/\/jacobins.toulouse.fr\/fr\/wp-json\/wp\/v2\/media?parent=10455"}],"wp:term":[{"taxonomy":"onct-event-type","embeddable":true,"href":"https:\/\/jacobins.toulouse.fr\/fr\/wp-json\/wp\/v2\/onct-event-type?post=10455"},{"taxonomy":"onct-event-public","embeddable":true,"href":"https:\/\/jacobins.toulouse.fr\/fr\/wp-json\/wp\/v2\/onct-event-public?post=10455"},{"taxonomy":"onct-event-lieu","embeddable":true,"href":"https:\/\/jacobins.toulouse.fr\/fr\/wp-json\/wp\/v2\/onct-event-lieu?post=10455"},{"taxonomy":"onct-event-mot-cle","embeddable":true,"href":"https:\/\/jacobins.toulouse.fr\/fr\/wp-json\/wp\/v2\/onct-event-mot-cle?post=10455"},{"taxonomy":"onct-event-accessibilite","embeddable":true,"href":"https:\/\/jacobins.toulouse.fr\/fr\/wp-json\/wp\/v2\/onct-event-accessibilite?post=10455"}],"curies":[{"name":"wp","href":"https:\/\/api.w.org\/{rel}","templated":true}]}}