{"id":9662,"date":"2024-12-09T17:06:13","date_gmt":"2024-12-09T16:06:13","guid":{"rendered":"https:\/\/jacobins.toulouse.fr\/agenda\/la-fabrication-des-costumes-au-moyen-age\/"},"modified":"2026-04-07T16:46:52","modified_gmt":"2026-04-07T14:46:52","slug":"la-fabrication-des-costumes-au-moyen-age","status":"publish","type":"onct-event","link":"https:\/\/jacobins.toulouse.fr\/fr\/la-fabrication-des-costumes-au-moyen-age\/","title":{"rendered":"La fabrication des costumes au Moyen \u00c2ge"},"content":{"rendered":"\n<div class=\"wp-block-cover\"><span aria-hidden=\"true\" class=\"wp-block-cover__background has-background-dim-70 has-background-dim\" style=\"background-color:#685e5d\"><\/span><img loading=\"lazy\" decoding=\"async\" width=\"1440\" height=\"400\" class=\"wp-block-cover__image-background wp-image-9666\" alt=\"\" src=\"https:\/\/jacobins.toulouse.fr\/wp-content\/uploads\/sites\/12\/2024\/12\/3visuels-fabrication-costumes.jpg\" data-object-fit=\"cover\" srcset=\"https:\/\/jacobins.toulouse.fr\/wp-content\/uploads\/sites\/12\/2024\/12\/3visuels-fabrication-costumes.jpg 1440w, https:\/\/jacobins.toulouse.fr\/wp-content\/uploads\/sites\/12\/2024\/12\/3visuels-fabrication-costumes-300x83.jpg 300w, https:\/\/jacobins.toulouse.fr\/wp-content\/uploads\/sites\/12\/2024\/12\/3visuels-fabrication-costumes-1024x284.jpg 1024w, https:\/\/jacobins.toulouse.fr\/wp-content\/uploads\/sites\/12\/2024\/12\/3visuels-fabrication-costumes-768x213.jpg 768w, https:\/\/jacobins.toulouse.fr\/wp-content\/uploads\/sites\/12\/2024\/12\/3visuels-fabrication-costumes-414x115.jpg 414w\" sizes=\"(max-width: 1440px) 100vw, 1440px\" \/><div class=\"wp-block-cover__inner-container is-layout-constrained wp-block-cover-is-layout-constrained\"><section class=\"section-group\"><div class=\"container\"><div class=\"pure-g\">\n<div class=\"wp-block-group is-layout-constrained wp-container-core-group-is-layout-06ee857a wp-block-group-is-layout-constrained\">\n<h3 class=\"wp-block-heading has-text-align-center\" id=\"une-approche-tactile-et-visuelle\">Une approche tactile et visuelle<\/h3>\n\n\n\n<p class=\"has-text-align-center\">Entre anecdotes et faits historiques, vous aurez l\u2019occasion de toucher diff\u00e9rents \u00e9chantillons de mati\u00e8res (tels que la soie, la laine, le lin ou le cuir) et de d\u00e9couvrir les pigments utilis\u00e9s \u00e0 l\u2019\u00e9poque, comme le safran et le pastel.<\/p>\n\n\n\n<p class=\"has-text-align-center\">Il faut en effet savoir que dans la culture m\u00e9di\u00e9vale, les couleurs et les mati\u00e8res port\u00e9es n\u2019\u00e9taient pas genr\u00e9es comme on pourrait le penser aujourd&rsquo;hui, mais elles r\u00e9v\u00e9laient bien souvent le statut social de celui qui les portait.<\/p>\n\n\n\n<div class=\"wp-block-buttons is-content-justification-center is-layout-flex wp-container-core-buttons-is-layout-16018d1d wp-block-buttons-is-layout-flex\">\n<div class=\"wp-block-button\"><a class=\"wp-block-button__link has-text-align-center wp-element-button\" href=\"https:\/\/billetterie.couvent-jacobins.toulouse.fr\/selection\/timeslotpass?productId=10229241105105\" target=\"_blank\" rel=\"noreferrer noopener\">Je VISITE<\/a><\/div>\n<\/div>\n<\/div>\n<\/div><\/div><\/section><\/div><\/div>\n\n\n<section class=\"section-group\"><div class=\"container\"><div class=\"pure-g\">\n<div class=\"wp-block-group is-layout-constrained wp-block-group-is-layout-constrained\">\n<h3 class=\"wp-block-heading\" id=\"une-mode-ecologique-au-moyen-age\">Une mode \u00e9cologique au Moyen \u00c2ge&nbsp;?<\/h3>\n\n\n\n<p>La mode m\u00e9di\u00e9vale n\u2019\u00e9tait pas d\u00e9nu\u00e9e de pratiques que l\u2019on pourrait d\u00e9sormais qualifier de \u00ab\u00a0durables\u00a0\u00bb. Surpris ? \u00c0 l\u2019image de l\u2019engouement actuel pour la seconde main, le march\u00e9 de la fripe existait d\u00e9j\u00e0 au Moyen \u00c2ge\u00a0!<\/p>\n\n\n\n<h2 class=\"wp-block-heading\" id=\"informations-pratiques\">Informations Pratiques<\/h2>\n\n\n\n<p>Vous d\u00e9couvrirez que la richesse des couleurs et des mati\u00e8res utilis\u00e9es au Moyen \u00c2ge d\u00e9passe la simple dimension esth\u00e9tique. Elles racontent des histoires de savoir-faire, de traditions locales et de pratiques \u00e9coresponsables qui traduisent aussi un souci de pr\u00e9servation transmis \u00e0 travers les si\u00e8cles.<\/p>\n\n\n\n<p>Dur\u00e9e : 1h<\/p>\n\n\n\n<p><strong>Tarif normal (animation comprise dans le billet d\u2019entr\u00e9e) | Sans r\u00e9servation<\/strong><\/p>\n<\/div>\n<\/div><\/div><\/section>","protected":false},"template":"","meta":{"_acf_changed":false,"onct-event-uid":77984700,"onct-event-desc":"<h2>De la mati\u00e8re au v\u00eatement : le chemin de vie d\u2019un symbole social<\/h2>\n<p>D\u00e9couvrez les m\u00e9tiers essentiels \u00e0 la fabrication d\u2019un costume au Moyen \u00c2ge (tels que teinturier, chapelier ou tailleur) qui contribuent \u00e0 l\u2019habillement des hommes et des femmes, ainsi que le processus complet d\u2019habillage, des mat\u00e9riaux utilis\u00e9s aux techniques de confection.<\/p>\n<p>Rendez-vous dans le R\u00e9fectoire du Couvent des Jacobins !<\/p>\n","onct-event-short-desc":"D\u00e9couvrez chaque \u00e9tape de la cr\u00e9ation d\u2019un habit au Moyen \u00c2ge, de la mati\u00e8re premi\u00e8re au produit fini, tout en explorant les savoir-faire des diff\u00e9rents m\u00e9tiers qui composent cette sp\u00e9cialit\u00e9.","onct-event-img":"https:\/\/cdn.openagenda.com\/main\/16e6b4b4115f477799f19ab22be8a721.base.image.jpg","onct-event-img-credits":"","onct-event-day":21,"onct-event-month":2,"onct-event-year":2025,"onct-event-hour":15,"onct-event-minute":30,"onct-event-timestamp":1740148200,"onct-event-end-timestamp":1745764200,"onct-event-duration":3600,"onct-event-age-min":8,"onct-event-age-max":121,"onct-event-registration-link":"https:\/\/billetterie.couvent-jacobins.toulouse.fr\/selection\/timeslotpass?productId=10229241105105","onct-event-free-entrance":false,"onct-event-one-day":false,"onct-event-past":true},"onct-event-type":[24],"onct-event-public":[21,25,18],"onct-event-lieu":[19],"onct-event-mot-cle":[],"onct-event-accessibilite":[],"class_list":["post-9662","onct-event","type-onct-event","status-publish","hentry","onct-event-type-atelier-animation","onct-event-public-en-famille","onct-event-public-jeune-public","onct-event-public-tout-public","onct-event-lieu-couvent-des-jacobins307"],"acf":[],"yoast_head":"<!-- This site is optimized with the Yoast SEO plugin v27.0 - https:\/\/yoast.com\/product\/yoast-seo-wordpress\/ -->\n<title>La fabrication des costumes au Moyen \u00c2ge - Couvent des Jacobins<\/title>\n<meta name=\"description\" content=\"D\u00e9couvrez les secrets de la fabrication des costumes au Moyen \u00c2ge, entre techniques, mat\u00e9riaux, m\u00e9tiers et savoir-faire m\u00e9di\u00e9val !\" \/>\n<meta name=\"robots\" content=\"index, follow, max-snippet:-1, max-image-preview:large, max-video-preview:-1\" \/>\n<link rel=\"canonical\" href=\"https:\/\/jacobins.toulouse.fr\/fr\/la-fabrication-des-costumes-au-moyen-age\/\" \/>\n<meta property=\"og:locale\" content=\"fr_FR\" \/>\n<meta property=\"og:type\" content=\"article\" \/>\n<meta property=\"og:title\" content=\"La fabrication des costumes au Moyen \u00c2ge - Couvent des Jacobins\" \/>\n<meta property=\"og:description\" content=\"D\u00e9couvrez les secrets de la fabrication des costumes au Moyen \u00c2ge, entre techniques, mat\u00e9riaux, m\u00e9tiers et savoir-faire m\u00e9di\u00e9val !\" \/>\n<meta property=\"og:url\" content=\"https:\/\/jacobins.toulouse.fr\/fr\/la-fabrication-des-costumes-au-moyen-age\/\" \/>\n<meta property=\"og:site_name\" content=\"Couvent des Jacobins\" \/>\n<meta property=\"article:modified_time\" content=\"2026-04-07T14:46:52+00:00\" \/>\n<meta name=\"twitter:card\" content=\"summary_large_image\" \/>\n<meta name=\"twitter:label1\" content=\"Dur\u00e9e de lecture estim\u00e9e\" \/>\n\t<meta name=\"twitter:data1\" content=\"2 minutes\" \/>\n<script type=\"application\/ld+json\" class=\"yoast-schema-graph\">{\"@context\":\"https:\/\/schema.org\",\"@graph\":[{\"@type\":\"WebPage\",\"@id\":\"https:\/\/jacobins.toulouse.fr\/fr\/la-fabrication-des-costumes-au-moyen-age\/\",\"url\":\"https:\/\/jacobins.toulouse.fr\/fr\/la-fabrication-des-costumes-au-moyen-age\/\",\"name\":\"La fabrication des costumes au Moyen \u00c2ge - Couvent des Jacobins\",\"isPartOf\":{\"@id\":\"https:\/\/jacobins.toulouse.fr\/fr\/#website\"},\"datePublished\":\"2024-12-09T16:06:13+00:00\",\"dateModified\":\"2026-04-07T14:46:52+00:00\",\"description\":\"D\u00e9couvrez les secrets de la fabrication des costumes au Moyen \u00c2ge, entre techniques, mat\u00e9riaux, m\u00e9tiers et savoir-faire m\u00e9di\u00e9val !\",\"breadcrumb\":{\"@id\":\"https:\/\/jacobins.toulouse.fr\/fr\/la-fabrication-des-costumes-au-moyen-age\/#breadcrumb\"},\"inLanguage\":\"fr-FR\",\"potentialAction\":[{\"@type\":\"ReadAction\",\"target\":[\"https:\/\/jacobins.toulouse.fr\/fr\/la-fabrication-des-costumes-au-moyen-age\/\"]}]},{\"@type\":\"BreadcrumbList\",\"@id\":\"https:\/\/jacobins.toulouse.fr\/fr\/la-fabrication-des-costumes-au-moyen-age\/#breadcrumb\",\"itemListElement\":[{\"@type\":\"ListItem\",\"position\":1,\"name\":\"Accueil\",\"item\":\"https:\/\/jacobins.toulouse.fr\/fr\/\"},{\"@type\":\"ListItem\",\"position\":2,\"name\":\"Agenda\",\"item\":\"https:\/\/jacobins.toulouse.fr\/fr\/agenda\/\"},{\"@type\":\"ListItem\",\"position\":3,\"name\":\"La fabrication des costumes au Moyen \u00c2ge\"}]},{\"@type\":\"WebSite\",\"@id\":\"https:\/\/jacobins.toulouse.fr\/fr\/#website\",\"url\":\"https:\/\/jacobins.toulouse.fr\/fr\/\",\"name\":\"Couvent des Jacobins\",\"description\":\"\",\"publisher\":{\"@id\":\"https:\/\/jacobins.toulouse.fr\/fr\/#organization\"},\"potentialAction\":[{\"@type\":\"SearchAction\",\"target\":{\"@type\":\"EntryPoint\",\"urlTemplate\":\"https:\/\/jacobins.toulouse.fr\/fr\/search\/{search_term_string}\"},\"query-input\":{\"@type\":\"PropertyValueSpecification\",\"valueRequired\":true,\"valueName\":\"search_term_string\"}}],\"inLanguage\":\"fr-FR\"},{\"@type\":\"Organization\",\"@id\":\"https:\/\/jacobins.toulouse.fr\/fr\/#organization\",\"name\":\"Couvent des Jacobins\",\"url\":\"https:\/\/jacobins.toulouse.fr\/fr\/\",\"logo\":{\"@type\":\"ImageObject\",\"inLanguage\":\"fr-FR\",\"@id\":\"https:\/\/jacobins.toulouse.fr\/fr\/#\/schema\/logo\/image\/\",\"url\":\"https:\/\/jacobins.toulouse.fr\/wp-content\/uploads\/sites\/12\/2023\/08\/cropped-cropped-Logo-Jacobins.png\",\"contentUrl\":\"https:\/\/jacobins.toulouse.fr\/wp-content\/uploads\/sites\/12\/2023\/08\/cropped-cropped-Logo-Jacobins.png\",\"width\":254,\"height\":150,\"caption\":\"Couvent des Jacobins\"},\"image\":{\"@id\":\"https:\/\/jacobins.toulouse.fr\/fr\/#\/schema\/logo\/image\/\"}}]}<\/script>\n<!-- \/ Yoast SEO plugin. -->","yoast_head_json":{"title":"La fabrication des costumes au Moyen \u00c2ge - Couvent des Jacobins","description":"D\u00e9couvrez les secrets de la fabrication des costumes au Moyen \u00c2ge, entre techniques, mat\u00e9riaux, m\u00e9tiers et savoir-faire m\u00e9di\u00e9val !","robots":{"index":"index","follow":"follow","max-snippet":"max-snippet:-1","max-image-preview":"max-image-preview:large","max-video-preview":"max-video-preview:-1"},"canonical":"https:\/\/jacobins.toulouse.fr\/fr\/la-fabrication-des-costumes-au-moyen-age\/","og_locale":"fr_FR","og_type":"article","og_title":"La fabrication des costumes au Moyen \u00c2ge - Couvent des Jacobins","og_description":"D\u00e9couvrez les secrets de la fabrication des costumes au Moyen \u00c2ge, entre techniques, mat\u00e9riaux, m\u00e9tiers et savoir-faire m\u00e9di\u00e9val !","og_url":"https:\/\/jacobins.toulouse.fr\/fr\/la-fabrication-des-costumes-au-moyen-age\/","og_site_name":"Couvent des Jacobins","article_modified_time":"2026-04-07T14:46:52+00:00","twitter_card":"summary_large_image","twitter_misc":{"Dur\u00e9e de lecture estim\u00e9e":"2 minutes"},"schema":{"@context":"https:\/\/schema.org","@graph":[{"@type":"WebPage","@id":"https:\/\/jacobins.toulouse.fr\/fr\/la-fabrication-des-costumes-au-moyen-age\/","url":"https:\/\/jacobins.toulouse.fr\/fr\/la-fabrication-des-costumes-au-moyen-age\/","name":"La fabrication des costumes au Moyen \u00c2ge - Couvent des Jacobins","isPartOf":{"@id":"https:\/\/jacobins.toulouse.fr\/fr\/#website"},"datePublished":"2024-12-09T16:06:13+00:00","dateModified":"2026-04-07T14:46:52+00:00","description":"D\u00e9couvrez les secrets de la fabrication des costumes au Moyen \u00c2ge, entre techniques, mat\u00e9riaux, m\u00e9tiers et savoir-faire m\u00e9di\u00e9val !","breadcrumb":{"@id":"https:\/\/jacobins.toulouse.fr\/fr\/la-fabrication-des-costumes-au-moyen-age\/#breadcrumb"},"inLanguage":"fr-FR","potentialAction":[{"@type":"ReadAction","target":["https:\/\/jacobins.toulouse.fr\/fr\/la-fabrication-des-costumes-au-moyen-age\/"]}]},{"@type":"BreadcrumbList","@id":"https:\/\/jacobins.toulouse.fr\/fr\/la-fabrication-des-costumes-au-moyen-age\/#breadcrumb","itemListElement":[{"@type":"ListItem","position":1,"name":"Accueil","item":"https:\/\/jacobins.toulouse.fr\/fr\/"},{"@type":"ListItem","position":2,"name":"Agenda","item":"https:\/\/jacobins.toulouse.fr\/fr\/agenda\/"},{"@type":"ListItem","position":3,"name":"La fabrication des costumes au Moyen \u00c2ge"}]},{"@type":"WebSite","@id":"https:\/\/jacobins.toulouse.fr\/fr\/#website","url":"https:\/\/jacobins.toulouse.fr\/fr\/","name":"Couvent des Jacobins","description":"","publisher":{"@id":"https:\/\/jacobins.toulouse.fr\/fr\/#organization"},"potentialAction":[{"@type":"SearchAction","target":{"@type":"EntryPoint","urlTemplate":"https:\/\/jacobins.toulouse.fr\/fr\/search\/{search_term_string}"},"query-input":{"@type":"PropertyValueSpecification","valueRequired":true,"valueName":"search_term_string"}}],"inLanguage":"fr-FR"},{"@type":"Organization","@id":"https:\/\/jacobins.toulouse.fr\/fr\/#organization","name":"Couvent des Jacobins","url":"https:\/\/jacobins.toulouse.fr\/fr\/","logo":{"@type":"ImageObject","inLanguage":"fr-FR","@id":"https:\/\/jacobins.toulouse.fr\/fr\/#\/schema\/logo\/image\/","url":"https:\/\/jacobins.toulouse.fr\/wp-content\/uploads\/sites\/12\/2023\/08\/cropped-cropped-Logo-Jacobins.png","contentUrl":"https:\/\/jacobins.toulouse.fr\/wp-content\/uploads\/sites\/12\/2023\/08\/cropped-cropped-Logo-Jacobins.png","width":254,"height":150,"caption":"Couvent des Jacobins"},"image":{"@id":"https:\/\/jacobins.toulouse.fr\/fr\/#\/schema\/logo\/image\/"}}]}},"_links":{"self":[{"href":"https:\/\/jacobins.toulouse.fr\/fr\/wp-json\/wp\/v2\/onct-events\/9662","targetHints":{"allow":["GET"]}}],"collection":[{"href":"https:\/\/jacobins.toulouse.fr\/fr\/wp-json\/wp\/v2\/onct-events"}],"about":[{"href":"https:\/\/jacobins.toulouse.fr\/fr\/wp-json\/wp\/v2\/types\/onct-event"}],"wp:attachment":[{"href":"https:\/\/jacobins.toulouse.fr\/fr\/wp-json\/wp\/v2\/media?parent=9662"}],"wp:term":[{"taxonomy":"onct-event-type","embeddable":true,"href":"https:\/\/jacobins.toulouse.fr\/fr\/wp-json\/wp\/v2\/onct-event-type?post=9662"},{"taxonomy":"onct-event-public","embeddable":true,"href":"https:\/\/jacobins.toulouse.fr\/fr\/wp-json\/wp\/v2\/onct-event-public?post=9662"},{"taxonomy":"onct-event-lieu","embeddable":true,"href":"https:\/\/jacobins.toulouse.fr\/fr\/wp-json\/wp\/v2\/onct-event-lieu?post=9662"},{"taxonomy":"onct-event-mot-cle","embeddable":true,"href":"https:\/\/jacobins.toulouse.fr\/fr\/wp-json\/wp\/v2\/onct-event-mot-cle?post=9662"},{"taxonomy":"onct-event-accessibilite","embeddable":true,"href":"https:\/\/jacobins.toulouse.fr\/fr\/wp-json\/wp\/v2\/onct-event-accessibilite?post=9662"}],"curies":[{"name":"wp","href":"https:\/\/api.w.org\/{rel}","templated":true}]}}