{"id":1183,"date":"2023-09-21T11:32:18","date_gmt":"2023-09-21T09:32:18","guid":{"rendered":"https:\/\/jacobins.toulouse.fr\/?page_id=1183"},"modified":"2026-03-03T11:43:32","modified_gmt":"2026-03-03T10:43:32","slug":"presse","status":"publish","type":"page","link":"https:\/\/jacobins.toulouse.fr\/fr\/espace-presse\/","title":{"rendered":"Espace presse"},"content":{"rendered":"<section class=\"section-group\"><div class=\"container\"><div class=\"pure-g\">\n<div class=\"wp-block-group is-layout-constrained wp-block-group-is-layout-constrained\">\n<p class=\"has-text-align-left has-large-font-size\">Bienvenue sur l\u2019Espace presse du Couvent des Jacobins (Monuments de Toulouse).<\/p>\n\n\n\n<p class=\"has-large-font-size\">Que vous soyez journaliste, blogueur, documentariste ou professionnel de la communication, vous trouverez ici les ressources n\u00e9cessaires pour vos reportages, interviews ou couvertures m\u00e9diatiques des monuments toulousains.<\/p>\n\n\n\n<h2 class=\"wp-block-heading\" id=\"vos-demarches-demandes-mediatiques\">Vos d\u00e9marches &amp; demandes m\u00e9diatiques<\/h2>\n\n\n\n<p class=\"has-medium-font-size\">Indiquez les informations suivantes dans votre message pour un traitement efficace de votre demande :<\/p>\n\n\n\n<ul class=\"wp-block-list\">\n<li class=\"has-medium-font-size\">Nom, pr\u00e9nom, m\u00e9dia ou support concern\u00e9<\/li>\n\n\n\n<li class=\"has-medium-font-size\">Description de votre projet (angle, th\u00e9matique, format)<\/li>\n\n\n\n<li class=\"has-medium-font-size\">Monument(s) concern\u00e9(s)<\/li>\n\n\n\n<li class=\"has-medium-font-size\">Dates et horaires envisag\u00e9s pour les visites<\/li>\n\n\n\n<li class=\"has-medium-font-size\">Vos besoins sp\u00e9cifiques (visuels HD, plans, acc\u00e8s exceptionnel)<\/li>\n<\/ul>\n\n\n\n<p class=\"has-medium-font-size\">Nous nous effor\u00e7ons de r\u00e9pondre dans les meilleurs d\u00e9lais.<\/p>\n\n\n\n<div class=\"wp-block-buttons is-content-justification-center is-layout-flex wp-container-core-buttons-is-layout-16018d1d wp-block-buttons-is-layout-flex\">\n<div class=\"wp-block-button\"><a class=\"wp-block-button__link wp-element-button\" href=\"https:\/\/jacobins.toulouse.fr\/fr\/espace-presse\/#contact-presse\">ACC\u00c9DER AU FORMULAIRE DE PRESSE<\/a><\/div>\n\n\n\n<div class=\"wp-block-button\"><a class=\"wp-block-button__link wp-element-button\" href=\"#communiques-de-presse\">COMMUNIQU\u00c9S DE PRESSE<\/a><\/div>\n<\/div>\n\n\n\n<p class=\"has-small-font-size\"><em><strong>Acc\u00e8s aux monuments &amp; conditions<\/strong>&nbsp;: l\u2019acc\u00e8s aux espaces patrimoniaux peut \u00eatre accord\u00e9 sous r\u00e9serve de justificatifs et d\u2019une&nbsp;<strong>autorisation pr\u00e9alable<\/strong>&nbsp;de la direction. Les demandes sont \u00e9tudi\u00e9es au cas par cas. Le service se r\u00e9serve le droit de refuser toute demande jug\u00e9e incompatible avec les contraintes de conservation, de s\u00e9curit\u00e9 ou de programmation. Nous proposons parfois des cr\u00e9neaux sp\u00e9cifiques, en dehors des heures d\u2019ouverture, pour limiter les perturbations et pr\u00e9server les sites.<\/em><\/p>\n\n\n\n<h3 class=\"wp-block-heading\" id=\"pourquoi-couvrir-le-couvent-des-jacobins\">Pourquoi couvrir le Couvent des Jacobins ?<\/h3>\n\n\n\n<p class=\"has-text-align-left\" style=\"font-size:19px\">Toulouse compte un patrimoine unique, chacun dot\u00e9 d\u2019une richesse architecturale, historique et culturelle. Le Couvent des Jacobins, l&rsquo;un des <a href=\"https:\/\/monuments.toulouse.fr\/\" target=\"_blank\" rel=\"noreferrer noopener\">7 sites patrimonial qui constituent les Monuments de Toulouse<\/a>, offre des possibilit\u00e9s d\u2019images fortes, une histoire riche et un cadre exceptionnel \u00e0 valoriser aupr\u00e8s de vos audiences.<\/p>\n<\/div>\n<\/div><\/div><\/section>\n\n    <section class=\"gutenberg-immersive-visual alignfull\">\n<img loading=\"lazy\" decoding=\"async\" width=\"1440\" height=\"400\" src=\"https:\/\/jacobins.toulouse.fr\/wp-content\/uploads\/sites\/12\/2023\/10\/Presse_\u00a9Couvent-des-Jacobins-1.jpg\" class=\"attachment-full size-full\" alt=\"Equipe m\u00e9diatique en tournage dans le clocher du couvent des Jacobins\" title=\"\" srcset=\"https:\/\/jacobins.toulouse.fr\/wp-content\/uploads\/sites\/12\/2023\/10\/Presse_\u00a9Couvent-des-Jacobins-1.jpg 1440w, https:\/\/jacobins.toulouse.fr\/wp-content\/uploads\/sites\/12\/2023\/10\/Presse_\u00a9Couvent-des-Jacobins-1-300x83.jpg 300w, https:\/\/jacobins.toulouse.fr\/wp-content\/uploads\/sites\/12\/2023\/10\/Presse_\u00a9Couvent-des-Jacobins-1-1024x284.jpg 1024w, https:\/\/jacobins.toulouse.fr\/wp-content\/uploads\/sites\/12\/2023\/10\/Presse_\u00a9Couvent-des-Jacobins-1-768x213.jpg 768w, https:\/\/jacobins.toulouse.fr\/wp-content\/uploads\/sites\/12\/2023\/10\/Presse_\u00a9Couvent-des-Jacobins-1-414x115.jpg 414w\" sizes=\"(max-width: 1440px) 100vw, 1440px\" itemprop=\"image\" \/>    <\/section>\n\n\n<section class=\"section-group\"><div class=\"container\"><div class=\"pure-g\">\n<div class=\"wp-block-group is-layout-constrained wp-block-group-is-layout-constrained\">\n<h2 class=\"wp-block-heading\" id=\"contact-presse\">Contact<\/h2>\n\n\n\n<p class=\"has-medium-font-size\">Pour d\u00e9couvrir la programmation du site, rendez-vous sur <a href=\"https:\/\/jacobins.toulouse.fr\/agenda\/\">l&rsquo;agenda des \u00e9v\u00e8nements<\/a>. <\/p>\n\n\n\n<p class=\"has-colorama-1-color has-text-color\">Formulaire r\u00e9serv\u00e9 <strong>aux questions relatives \u00e0 la presse ou \u00e0 la communication<\/strong>. Les messages re\u00e7us sont trait\u00e9s par<strong> la personne en charge de la communication du Couvent des Jacobins<\/strong>.<\/p>\n\n\n\n<div class=\"wpcf7 no-js\" id=\"wpcf7-f6753-o1\" lang=\"fr-FR\" dir=\"ltr\" data-wpcf7-id=\"6753\">\n<div class=\"screen-reader-response\"><p role=\"status\" aria-live=\"polite\" aria-atomic=\"true\"><\/p> <ul><\/ul><\/div>\n<form action=\"\/fr\/wp-json\/wp\/v2\/pages\/1183#wpcf7-f6753-o1\" method=\"post\" class=\"wpcf7-form init\" aria-label=\"Formulaire de contact\" novalidate=\"novalidate\" data-status=\"init\">\n<fieldset class=\"hidden-fields-container\"><input type=\"hidden\" name=\"_wpcf7\" value=\"6753\" \/><input type=\"hidden\" name=\"_wpcf7_version\" value=\"6.1.5\" \/><input type=\"hidden\" name=\"_wpcf7_locale\" value=\"fr_FR\" \/><input type=\"hidden\" name=\"_wpcf7_unit_tag\" value=\"wpcf7-f6753-o1\" \/><input type=\"hidden\" name=\"_wpcf7_container_post\" value=\"0\" \/><input type=\"hidden\" name=\"_wpcf7_posted_data_hash\" value=\"\" \/>\n<\/fieldset>\n<input class=\"wpcf7-form-control wpcf7-hidden\" value=\"block_713efc132398667058e61ae95e6fca73\" type=\"hidden\" name=\"block_id\" \/>\n<input class=\"wpcf7-form-control wpcf7-hidden\" value=\"fanny.poulailler@mairie-toulouse.fr, gerald.begin@mairie-toulouse.fr\" type=\"hidden\" name=\"dest\" \/>\n\n<div>\n<p class=\"form-group form-group--full mandatory\"><span class=\"mandatory\">*<\/span> Les champs marqu\u00e9s d&rsquo;un ast\u00e9risque sont obligatoires.<\/p>\n<p class=\"form-group form-group--full\"><em>Ne saisissez aucune information personnelle dans ce formulaire qui ne soit pas utile au traitement de votre demande.<\/em><\/p>\n<\/div>\n<div class=\"form-group\">\n    <label for=\"first-name-form6753-1\">Pr\u00e9nom<\/label><span class=\"wpcf7-form-control-wrap\" data-name=\"first_name\"><input size=\"40\" maxlength=\"400\" class=\"wpcf7-form-control wpcf7-text\" id=\"first-name-form6753-1\" aria-invalid=\"false\" placeholder=\"Exemple : Jean\" value=\"\" type=\"text\" name=\"first_name\" \/><\/span>\n<\/div>\n\n<div class=\"form-group\">\n    <label for=\"last-name-form6753-1\">Nom<\/label><span class=\"wpcf7-form-control-wrap\" data-name=\"last_name\"><input size=\"40\" maxlength=\"400\" class=\"wpcf7-form-control wpcf7-text\" id=\"last-name-form6753-1\" aria-invalid=\"false\" placeholder=\"Exemple : Martin\" value=\"\" type=\"text\" name=\"last_name\" \/><\/span>\n<\/div>\n\n<div class=\"form-group\">\n    <label for=\"email-form6753-1\"><span class=\"mandatory\"><\/span>Courriel * <small>Exemple : jean@martin.fr<\/small><\/label><span class=\"wpcf7-form-control-wrap\" data-name=\"email\"><input size=\"40\" maxlength=\"400\" class=\"wpcf7-form-control wpcf7-email wpcf7-validates-as-required wpcf7-text wpcf7-validates-as-email\" id=\"email-form6753-1\" aria-required=\"true\" aria-invalid=\"false\" placeholder=\"Exemple : jean@martin.fr\" value=\"\" type=\"email\" name=\"email\" \/><\/span>\n<\/div>\n\n<div class=\"form-group\">\n    <label for=\"phone-number-form6753-1\">Num\u00e9ro de t\u00e9l\u00e9phone <small>Exemple : 0605040302<\/small><\/label><span class=\"wpcf7-form-control-wrap\" data-name=\"phone_number\"><input size=\"40\" maxlength=\"400\" class=\"wpcf7-form-control wpcf7-tel wpcf7-text wpcf7-validates-as-tel\" id=\"phone-number-form6753-1\" aria-invalid=\"false\" placeholder=\"Exemple : 0605040302\" value=\"\" type=\"tel\" name=\"phone_number\" \/><\/span>\n<\/div>\n\n<div class=\"form-group\">\n    <label for=\"subject-form6753-1\"><span class=\"mandatory\"><\/span> Objet de votre demande *<\/label><span class=\"wpcf7-form-control-wrap\" data-name=\"subject\"><input size=\"40\" maxlength=\"400\" class=\"wpcf7-form-control wpcf7-text wpcf7-validates-as-required\" id=\"subject-form6753-1\" aria-required=\"true\" aria-invalid=\"false\" placeholder=\"Votre demande\" value=\"\" type=\"text\" name=\"subject\" \/><\/span>\n<\/div>\n<div class=\"form-group form-group--full\">\n    <label for=\"message-form6753-1\"><span class=\"mandatory\"><\/span> Message *<\/label><span class=\"wpcf7-form-control-wrap\" data-name=\"message\"><textarea cols=\"40\" rows=\"10\" maxlength=\"2000\" class=\"wpcf7-form-control wpcf7-textarea wpcf7-validates-as-required\" id=\"message-form6753-1\" aria-required=\"true\" aria-invalid=\"false\" placeholder=\"Votre message\" name=\"message\"><\/textarea><\/span>\n<\/div>\n\n<div class=\"form-group form-group--full\">\n    <span class=\"wpcf7-form-control-wrap\" data-name=\"consent\"><span class=\"wpcf7-form-control wpcf7-acceptance\"><span class=\"wpcf7-list-item\"><label><input type=\"checkbox\" name=\"consent\" value=\"1\" aria-invalid=\"false\" \/><span class=\"wpcf7-list-item-label\">En cochant cette case je consens \u00e0 ce que mes donn\u00e9es soient trait\u00e9es par le Couvent des Jacobins. Je suis inform\u00e9(e) du retrait possible de mon consentement, \u00e0 tout moment, en le demandant \u00e0 jacobins@mairie-toulouse.fr *<\/span><\/label><\/span><\/span><\/span>\n<\/div>\n\n<div class=\"form-group form-group--full\">\n    <span class=\"wpcf7-form-control-wrap\" data-name=\"consent\"><span class=\"wpcf7-form-control wpcf7-acceptance\"><span class=\"wpcf7-list-item\"><label><input type=\"checkbox\" name=\"consent\" value=\"1\" aria-invalid=\"false\" \/><span class=\"wpcf7-list-item-label\">En cochant cette case, j&rsquo;atteste avoir 16 ans ou plus.*<\/span><\/label><\/span><\/span><\/span>\n<\/div>\n\n<div class=\"form-group form-group--full\">\n<p>Ce formulaire est un traitement de donn\u00e9es personnelles g\u00e9r\u00e9 par le Couvent des Jacobins. Les informations recueillies \u00e0 partir de ce formulaire sont transmises au service gestionnaire de votre demande. Vous pouvez acc\u00e9der aux donn\u00e9es vous concernant, vous opposer \u00e0 leur traitement, les faire rectifier ou les faire effacer en contactant jacobins@mairie-toulouse.fr<\/p>\n<\/div>\n<div class=\"form-group--full\">\n    <div class=\"wpcf7-form-control wpcf7-captchetat\">\n    <span class=\"wpcf7-form-control-wrap\" data-name=\"captchetat\">\n        <div\n            class=\"tlsm-captchetat\"\n            data-captchetat-endpoint=\"https:\/\/jacobins.toulouse.fr\/fr\/wp-json\/tlsm\/v1\/captcha\"\n            aria-live=\"polite\"\n        >\n            <div class=\"tlsm-captchetat__widget\">\n                <div\n                    class=\"tlsm-captchetat__image\"\n                    role=\"img\"\n                    aria-label=\"Image captcha\"\n                ><\/div>\n\n                <div class=\"tlsm-captchetat__actions\">\n                    <button\n                        type=\"button\"\n                        class=\"tlsm-captchetat__refresh\"\n                        title=\"Recharger le captcha\"\n                        aria-label=\"Recharger le captcha\"\n                    >\n                        <span aria-hidden=\"true\">&#x21bb;<\/span>\n                    <\/button>\n\n                    <button\n                        type=\"button\"\n                        class=\"tlsm-captchetat__audio\"\n                        title=\"\u00c9couter le captcha\"\n                        aria-label=\"\u00c9couter le captcha\"\n                    >\n                        <span aria-hidden=\"true\">&#x1f50a;<\/span>\n                    <\/button>\n                <\/div>\n            <\/div>\n\n            <label class=\"tlsm-captchetat__label\">\n                <span class=\"tlsm-captchetat__label-text\">\n                    Saisissez le code affich\u00e9                <\/span>\n\n                <input\n                    type=\"text\"\n                    name=\"captchetat\"\n                    class=\"tlsm-captchetat__input wpcf7-form-control\"\n                    autocomplete=\"off\"\n                    aria-required=\"true\"\n                    aria-invalid=\"false\"                \/>\n            <\/label>\n\n            <input\n                type=\"hidden\"\n                name=\"captchetat-uuid\"\n                class=\"tlsm-captchetat__uuid\"\n                value=\"\"\n            \/>\n\n                    <\/div>\n    <\/span>\n<\/div>\n\n\n<\/div>\n<div class=\"wpcf7-response-output\"><\/div>\n<div class=\"call\">\n    <input class=\"wpcf7-form-control wpcf7-submit has-spinner btn btn--gold\" type=\"submit\" value=\"Envoyer\" \/>\n<\/div><div class=\"wpcf7-response-output\" aria-hidden=\"true\"><\/div>\n<\/form>\n<\/div>\n<\/div>\n<\/div><\/div><\/section>\n\n\n<div class=\"wp-block-cover is-light\" id=\"communique-presse\"><span aria-hidden=\"true\" class=\"wp-block-cover__background has-grey-light-background-color has-background-dim-100 has-background-dim\"><\/span><div class=\"wp-block-cover__inner-container is-layout-constrained wp-block-cover-is-layout-constrained\">\n<h2 class=\"wp-block-heading\" id=\"communiques-de-presse\">Communiqu\u00e9s de presse<\/h2>\n\n\n\n<div class=\"wp-block-columns is-layout-flex wp-container-core-columns-is-layout-9d6595d7 wp-block-columns-is-layout-flex\">\n<div class=\"wp-block-column is-layout-flow wp-block-column-is-layout-flow\">\n<h3 class=\"wp-block-heading\" id=\"restauration-de-la-toiture\">Restauration de la toiture<\/h3>\n\n\n\n<p>Travaux &#8211; 2025\/2026<\/p>\n\n\n\n<div class=\"wp-block-buttons is-content-justification-center is-layout-flex wp-container-core-buttons-is-layout-16018d1d wp-block-buttons-is-layout-flex\">\n<div class=\"wp-block-button\"><a class=\"wp-block-button__link wp-element-button\" href=\"https:\/\/www.calameo.com\/toulouse\/read\/005971811d25beea27faa\" target=\"_blank\" rel=\"noreferrer noopener\">Voir le communiqu\u00e9 de presse<\/a><\/div>\n<\/div>\n<\/div>\n\n\n\n<div class=\"wp-block-column is-layout-flow wp-block-column-is-layout-flow\">\n<h3 class=\"wp-block-heading\" id=\"la-fabrique-du-capitole\">La Fabrique du Capitole<\/h3>\n\n\n\n<p>Exposition &#8211; 2023 <\/p>\n\n\n\n<div class=\"wp-block-buttons is-content-justification-center is-layout-flex wp-container-core-buttons-is-layout-16018d1d wp-block-buttons-is-layout-flex\">\n<div class=\"wp-block-button\"><a class=\"wp-block-button__link wp-element-button\" href=\"https:\/\/www.calameo.com\/toulouse\/read\/005971811080f0d9d0bc4?page=1\" target=\"_blank\" rel=\"noreferrer noopener\">Voir le communiqu\u00e9 de presse<\/a><\/div>\n<\/div>\n<\/div>\n\n\n\n<div class=\"wp-block-column is-layout-flow wp-block-column-is-layout-flow\">\n<h3 class=\"wp-block-heading\" id=\"quoi-de-neuf-au-moyen-age\">Quoi de neuf au Moyen \u00c2ge ?<\/h3>\n\n\n\n<p>Exposition &#8211; 2022<\/p>\n\n\n\n<div class=\"wp-block-buttons is-content-justification-center is-layout-flex wp-container-core-buttons-is-layout-16018d1d wp-block-buttons-is-layout-flex\">\n<div class=\"wp-block-button\"><a class=\"wp-block-button__link wp-element-button\" href=\"https:\/\/www.calameo.com\/toulouse\/read\/0059718113375b5129ada?page=1\" target=\"_blank\" rel=\"noreferrer noopener\">Voir le communiqu\u00e9 de presse<\/a><\/div>\n<\/div>\n<\/div>\n\n\n\n<div class=\"wp-block-column is-layout-flow wp-block-column-is-layout-flow\">\n<h3 class=\"wp-block-heading\" id=\"le-festin-de-febus\">Le Festin de F\u00e9bus<\/h3>\n\n\n\n<p>Exposition &#8211; 2021<\/p>\n\n\n\n<div class=\"wp-block-buttons is-content-justification-center is-layout-flex wp-container-core-buttons-is-layout-16018d1d wp-block-buttons-is-layout-flex\">\n<div class=\"wp-block-button\"><a class=\"wp-block-button__link wp-element-button\" href=\"https:\/\/www.calameo.com\/toulouse\/read\/0059718119e475c9b57c1?page=1\" target=\"_blank\" rel=\"noreferrer noopener\">Voir le communiqu\u00e9 de presse<\/a><\/div>\n<\/div>\n<\/div>\n<\/div>\n<\/div><\/div>\n","protected":false},"excerpt":{"rendered":"<p>Bienvenue sur l\u2019Espace presse du Couvent des Jacobins (Monuments de Toulouse). Que vous soyez journaliste, blogueur, documentariste ou professionnel de la communication, vous trouverez ici les ressources n\u00e9cessaires pour vos reportages, interviews ou couvertures m\u00e9diatiques&hellip;<\/p>\n","protected":false},"author":69,"featured_media":0,"parent":0,"menu_order":0,"comment_status":"closed","ping_status":"closed","template":"","meta":{"_acf_changed":false,"footnotes":""},"class_list":["post-1183","page","type-page","status-publish","hentry"],"acf":[],"yoast_head":"<!-- This site is optimized with the Yoast SEO plugin v27.0 - https:\/\/yoast.com\/product\/yoast-seo-wordpress\/ -->\n<title>Espace presse - Couvent des Jacobins<\/title>\n<meta name=\"description\" content=\"Pour tout projet m\u00e9diatique, profitez d&#039;un acc\u00e8s exclusif au clo\u00eetre et aux expositions temporaires sous r\u00e9serve de conditions sp\u00e9cifiques.\" \/>\n<meta name=\"robots\" content=\"index, follow, max-snippet:-1, max-image-preview:large, max-video-preview:-1\" \/>\n<link rel=\"canonical\" href=\"https:\/\/jacobins.toulouse.fr\/fr\/espace-presse\/\" \/>\n<meta property=\"og:locale\" content=\"fr_FR\" \/>\n<meta property=\"og:type\" content=\"article\" \/>\n<meta property=\"og:title\" content=\"Espace presse - Couvent des Jacobins\" \/>\n<meta property=\"og:description\" content=\"Pour tout projet m\u00e9diatique, profitez d&#039;un acc\u00e8s exclusif au clo\u00eetre et aux expositions temporaires sous r\u00e9serve de conditions sp\u00e9cifiques.\" \/>\n<meta property=\"og:url\" content=\"https:\/\/jacobins.toulouse.fr\/fr\/espace-presse\/\" \/>\n<meta property=\"og:site_name\" content=\"Couvent des Jacobins\" \/>\n<meta property=\"article:modified_time\" content=\"2026-03-03T10:43:32+00:00\" \/>\n<meta name=\"twitter:card\" content=\"summary_large_image\" \/>\n<meta name=\"twitter:label1\" content=\"Dur\u00e9e de lecture estim\u00e9e\" \/>\n\t<meta name=\"twitter:data1\" content=\"2 minutes\" \/>\n<script type=\"application\/ld+json\" class=\"yoast-schema-graph\">{\"@context\":\"https:\/\/schema.org\",\"@graph\":[{\"@type\":\"WebPage\",\"@id\":\"https:\/\/jacobins.toulouse.fr\/fr\/espace-presse\/\",\"url\":\"https:\/\/jacobins.toulouse.fr\/fr\/espace-presse\/\",\"name\":\"Espace presse - Couvent des Jacobins\",\"isPartOf\":{\"@id\":\"https:\/\/jacobins.toulouse.fr\/fr\/#website\"},\"datePublished\":\"2023-09-21T09:32:18+00:00\",\"dateModified\":\"2026-03-03T10:43:32+00:00\",\"description\":\"Pour tout projet m\u00e9diatique, profitez d'un acc\u00e8s exclusif au clo\u00eetre et aux expositions temporaires sous r\u00e9serve de conditions sp\u00e9cifiques.\",\"breadcrumb\":{\"@id\":\"https:\/\/jacobins.toulouse.fr\/fr\/espace-presse\/#breadcrumb\"},\"inLanguage\":\"fr-FR\",\"potentialAction\":[{\"@type\":\"ReadAction\",\"target\":[\"https:\/\/jacobins.toulouse.fr\/fr\/espace-presse\/\"]}]},{\"@type\":\"BreadcrumbList\",\"@id\":\"https:\/\/jacobins.toulouse.fr\/fr\/espace-presse\/#breadcrumb\",\"itemListElement\":[{\"@type\":\"ListItem\",\"position\":1,\"name\":\"Accueil\",\"item\":\"https:\/\/jacobins.toulouse.fr\/fr\/\"},{\"@type\":\"ListItem\",\"position\":2,\"name\":\"Espace presse\"}]},{\"@type\":\"WebSite\",\"@id\":\"https:\/\/jacobins.toulouse.fr\/fr\/#website\",\"url\":\"https:\/\/jacobins.toulouse.fr\/fr\/\",\"name\":\"Couvent des Jacobins\",\"description\":\"\",\"publisher\":{\"@id\":\"https:\/\/jacobins.toulouse.fr\/fr\/#organization\"},\"potentialAction\":[{\"@type\":\"SearchAction\",\"target\":{\"@type\":\"EntryPoint\",\"urlTemplate\":\"https:\/\/jacobins.toulouse.fr\/fr\/search\/{search_term_string}\"},\"query-input\":{\"@type\":\"PropertyValueSpecification\",\"valueRequired\":true,\"valueName\":\"search_term_string\"}}],\"inLanguage\":\"fr-FR\"},{\"@type\":\"Organization\",\"@id\":\"https:\/\/jacobins.toulouse.fr\/fr\/#organization\",\"name\":\"Couvent des Jacobins\",\"url\":\"https:\/\/jacobins.toulouse.fr\/fr\/\",\"logo\":{\"@type\":\"ImageObject\",\"inLanguage\":\"fr-FR\",\"@id\":\"https:\/\/jacobins.toulouse.fr\/fr\/#\/schema\/logo\/image\/\",\"url\":\"https:\/\/jacobins.toulouse.fr\/wp-content\/uploads\/sites\/12\/2023\/08\/cropped-cropped-Logo-Jacobins.png\",\"contentUrl\":\"https:\/\/jacobins.toulouse.fr\/wp-content\/uploads\/sites\/12\/2023\/08\/cropped-cropped-Logo-Jacobins.png\",\"width\":254,\"height\":150,\"caption\":\"Couvent des Jacobins\"},\"image\":{\"@id\":\"https:\/\/jacobins.toulouse.fr\/fr\/#\/schema\/logo\/image\/\"}}]}<\/script>\n<!-- \/ Yoast SEO plugin. -->","yoast_head_json":{"title":"Espace presse - Couvent des Jacobins","description":"Pour tout projet m\u00e9diatique, profitez d'un acc\u00e8s exclusif au clo\u00eetre et aux expositions temporaires sous r\u00e9serve de conditions sp\u00e9cifiques.","robots":{"index":"index","follow":"follow","max-snippet":"max-snippet:-1","max-image-preview":"max-image-preview:large","max-video-preview":"max-video-preview:-1"},"canonical":"https:\/\/jacobins.toulouse.fr\/fr\/espace-presse\/","og_locale":"fr_FR","og_type":"article","og_title":"Espace presse - Couvent des Jacobins","og_description":"Pour tout projet m\u00e9diatique, profitez d'un acc\u00e8s exclusif au clo\u00eetre et aux expositions temporaires sous r\u00e9serve de conditions sp\u00e9cifiques.","og_url":"https:\/\/jacobins.toulouse.fr\/fr\/espace-presse\/","og_site_name":"Couvent des Jacobins","article_modified_time":"2026-03-03T10:43:32+00:00","twitter_card":"summary_large_image","twitter_misc":{"Dur\u00e9e de lecture estim\u00e9e":"2 minutes"},"schema":{"@context":"https:\/\/schema.org","@graph":[{"@type":"WebPage","@id":"https:\/\/jacobins.toulouse.fr\/fr\/espace-presse\/","url":"https:\/\/jacobins.toulouse.fr\/fr\/espace-presse\/","name":"Espace presse - Couvent des Jacobins","isPartOf":{"@id":"https:\/\/jacobins.toulouse.fr\/fr\/#website"},"datePublished":"2023-09-21T09:32:18+00:00","dateModified":"2026-03-03T10:43:32+00:00","description":"Pour tout projet m\u00e9diatique, profitez d'un acc\u00e8s exclusif au clo\u00eetre et aux expositions temporaires sous r\u00e9serve de conditions sp\u00e9cifiques.","breadcrumb":{"@id":"https:\/\/jacobins.toulouse.fr\/fr\/espace-presse\/#breadcrumb"},"inLanguage":"fr-FR","potentialAction":[{"@type":"ReadAction","target":["https:\/\/jacobins.toulouse.fr\/fr\/espace-presse\/"]}]},{"@type":"BreadcrumbList","@id":"https:\/\/jacobins.toulouse.fr\/fr\/espace-presse\/#breadcrumb","itemListElement":[{"@type":"ListItem","position":1,"name":"Accueil","item":"https:\/\/jacobins.toulouse.fr\/fr\/"},{"@type":"ListItem","position":2,"name":"Espace presse"}]},{"@type":"WebSite","@id":"https:\/\/jacobins.toulouse.fr\/fr\/#website","url":"https:\/\/jacobins.toulouse.fr\/fr\/","name":"Couvent des Jacobins","description":"","publisher":{"@id":"https:\/\/jacobins.toulouse.fr\/fr\/#organization"},"potentialAction":[{"@type":"SearchAction","target":{"@type":"EntryPoint","urlTemplate":"https:\/\/jacobins.toulouse.fr\/fr\/search\/{search_term_string}"},"query-input":{"@type":"PropertyValueSpecification","valueRequired":true,"valueName":"search_term_string"}}],"inLanguage":"fr-FR"},{"@type":"Organization","@id":"https:\/\/jacobins.toulouse.fr\/fr\/#organization","name":"Couvent des Jacobins","url":"https:\/\/jacobins.toulouse.fr\/fr\/","logo":{"@type":"ImageObject","inLanguage":"fr-FR","@id":"https:\/\/jacobins.toulouse.fr\/fr\/#\/schema\/logo\/image\/","url":"https:\/\/jacobins.toulouse.fr\/wp-content\/uploads\/sites\/12\/2023\/08\/cropped-cropped-Logo-Jacobins.png","contentUrl":"https:\/\/jacobins.toulouse.fr\/wp-content\/uploads\/sites\/12\/2023\/08\/cropped-cropped-Logo-Jacobins.png","width":254,"height":150,"caption":"Couvent des Jacobins"},"image":{"@id":"https:\/\/jacobins.toulouse.fr\/fr\/#\/schema\/logo\/image\/"}}]}},"_links":{"self":[{"href":"https:\/\/jacobins.toulouse.fr\/fr\/wp-json\/wp\/v2\/pages\/1183","targetHints":{"allow":["GET"]}}],"collection":[{"href":"https:\/\/jacobins.toulouse.fr\/fr\/wp-json\/wp\/v2\/pages"}],"about":[{"href":"https:\/\/jacobins.toulouse.fr\/fr\/wp-json\/wp\/v2\/types\/page"}],"author":[{"embeddable":true,"href":"https:\/\/jacobins.toulouse.fr\/fr\/wp-json\/wp\/v2\/users\/69"}],"replies":[{"embeddable":true,"href":"https:\/\/jacobins.toulouse.fr\/fr\/wp-json\/wp\/v2\/comments?post=1183"}],"version-history":[{"count":81,"href":"https:\/\/jacobins.toulouse.fr\/fr\/wp-json\/wp\/v2\/pages\/1183\/revisions"}],"predecessor-version":[{"id":10911,"href":"https:\/\/jacobins.toulouse.fr\/fr\/wp-json\/wp\/v2\/pages\/1183\/revisions\/10911"}],"wp:attachment":[{"href":"https:\/\/jacobins.toulouse.fr\/fr\/wp-json\/wp\/v2\/media?parent=1183"}],"curies":[{"name":"wp","href":"https:\/\/api.w.org\/{rel}","templated":true}]}}