{"id":5038,"date":"2023-10-11T11:40:25","date_gmt":"2023-10-11T09:40:25","guid":{"rendered":"https:\/\/jacobins.toulouse.fr\/?page_id=5038"},"modified":"2025-11-13T09:42:27","modified_gmt":"2025-11-13T08:42:27","slug":"visite-en-autonomie","status":"publish","type":"page","link":"https:\/\/jacobins.toulouse.fr\/fr\/visite-en-autonomie\/","title":{"rendered":"D\u00e9couvrir le Couvent des Jacobins en autonomie"},"content":{"rendered":"<section class=\"section-group\"><div class=\"container\"><div class=\"pure-g\">\n<div class=\"wp-block-group is-layout-constrained wp-block-group-is-layout-constrained\">\n<p class=\"has-text-align-left has-large-font-size\">Que vous veniez en groupe ou en solo, le Couvent des Jacobins se d\u00e9couvre \u00e0 votre rythme. La visite libre permet d\u2019explorer le lieu sans guide, tout en profitant de l\u2019espace. Des outils d\u2019aide \u00e0 la visite &#8211; plans, livrets et supports num\u00e9riques &#8211; facilitent la d\u00e9couverte du monument et vous donnent les <strong>clefs<\/strong> et les <strong>commodit\u00e9s<\/strong> pour profiter de votre visite en toute <strong>autonomie<\/strong>&nbsp;! Ces supports tout publics sont disponibles aupr\u00e8s des visiteurs et fournissent des informations contextuelles. Le parcours est pens\u00e9 pour r\u00e9pondre aux \u00e9ventuels questionnements et donne des <strong>points de rep\u00e8re<\/strong> pour d\u00e9couvrir le monument. Ainsi, chacun peut vivre une exp\u00e9rience culturelle riche et adapt\u00e9e \u00e0 ses envies.<\/p>\n\n\n\n<p class=\"has-text-align-left has-medium-font-size\">Pour les groupes (<strong>plus de 10 visiteurs<\/strong>), un tarif r\u00e9duit peut s&rsquo;appliquer pour une&nbsp;<strong>visite libre<\/strong>&nbsp;du&nbsp;<strong>couvent<\/strong>&nbsp;et\/ou d\u2019une&nbsp;<strong>exposition temporaire<\/strong>.<\/p>\n\n\n\n<figure  role=\"group\"  aria-label=\"marche-violettes\"  class=\"wp-block-image aligncenter size-full\"><a href=\"\/marche-aux-violettes\"><img loading=\"lazy\" decoding=\"async\" width=\"100\" height=\"100\" src=\"https:\/\/jacobins.toulouse.fr\/wp-content\/uploads\/sites\/12\/2023\/10\/marche-violettes-1.gif\" alt=\"\" class=\"wp-image-6270\"\/><\/a><\/figure>\n<\/div>\n<\/div><\/div><\/section>\n\n    <div class=\" list_anchor\">\n        <ul class=\"anchors-list\">\n            \n                    <li class=\"anchors-list-item\">\n                        <a href=\"#en-groupe\" title=\"En groupe\" class=\"anchors-item\" data-anchor=\"en-groupe\" >En groupe<\/a>\n                    <\/li>\n                    <li class=\"anchors-list-item\">\n                        <a href=\"#plan-guide\" title=\"Plan-guide\" class=\"anchors-item\" data-anchor=\"plan-guide\" >Plan-guide<\/a>\n                    <\/li>\n                    <li class=\"anchors-list-item\">\n                        <a href=\"#parcours-interpretation\" title=\"Parcours d'interpr\u00e9tation\" class=\"anchors-item\" data-anchor=\"parcours-interpretation\" >Parcours d&rsquo;interpr\u00e9tation<\/a>\n                    <\/li>\n                    <li class=\"anchors-list-item\">\n                        <a href=\"#mediation\" title=\"M\u00e9diation\" class=\"anchors-item\" data-anchor=\"mediation\" >M\u00e9diation<\/a>\n                    <\/li>        <\/ul>\n    <\/div>\n\n\n<section class=\"section-group\"><div class=\"container\"><div class=\"pure-g\">\n<div class=\"wp-block-group is-layout-constrained wp-block-group-is-layout-constrained\">\n<div class=\"wp-block-media-text is-stacked-on-mobile is-image-fill-element has-black-background-color has-background\" style=\"grid-template-columns:40% auto\"><figure class=\"wp-block-media-text__media\"><img loading=\"lazy\" decoding=\"async\" width=\"1024\" height=\"683\" src=\"https:\/\/jacobins.toulouse.fr\/wp-content\/uploads\/sites\/12\/2023\/09\/P11_Salle-capitulaire_\u00a9Patrice-Nin_ok-1024x683.jpg\" alt=\"Grande salle vide et lulineuse qui donne sur un clo\u00eetre v\u00e9g\u00e9talis\u00e9, aux arcades ouvertes et soutenues par plusieurs colonnes en palmiers\" class=\"wp-image-2133 size-full\" style=\"object-position:50% 50%\" srcset=\"https:\/\/jacobins.toulouse.fr\/wp-content\/uploads\/sites\/12\/2023\/09\/P11_Salle-capitulaire_\u00a9Patrice-Nin_ok-1024x683.jpg 1024w, https:\/\/jacobins.toulouse.fr\/wp-content\/uploads\/sites\/12\/2023\/09\/P11_Salle-capitulaire_\u00a9Patrice-Nin_ok-300x200.jpg 300w, https:\/\/jacobins.toulouse.fr\/wp-content\/uploads\/sites\/12\/2023\/09\/P11_Salle-capitulaire_\u00a9Patrice-Nin_ok-768x512.jpg 768w, https:\/\/jacobins.toulouse.fr\/wp-content\/uploads\/sites\/12\/2023\/09\/P11_Salle-capitulaire_\u00a9Patrice-Nin_ok-414x276.jpg 414w, https:\/\/jacobins.toulouse.fr\/wp-content\/uploads\/sites\/12\/2023\/09\/P11_Salle-capitulaire_\u00a9Patrice-Nin_ok.jpg 1500w\" sizes=\"(max-width: 1024px) 100vw, 1024px\" \/><\/figure><div class=\"wp-block-media-text__content\">\n<p>Visite libre en groupe<\/p>\n\n\n\n<h2 class=\"wp-block-heading has-white-color has-text-color has-link-color wp-elements-263121324aa8770dd9d4b0261495dd98\" id=\"en-groupe\">Visite libre en groupe<\/h2>\n\n\n\n<p class=\"has-white-color has-text-color has-medium-font-size\">Le Couvent des Jacobins constitue un t\u00e9moignage exceptionnel de l\u2019architecture gothique m\u00e9ridionale. Visitez l&rsquo;\u00e9glise, le clo\u00eetre, la salle capitulaire, le r\u00e9fectoire, la sacristie et la chapelle fun\u00e9raire. Venez d\u00e9couvrir ce monument d&rsquo;exception en famille ou entre amis !<\/p>\n\n\n\n<p class=\"has-white-color has-text-color has-link-color wp-elements-85ff358c5a0c1e9f813f5cd56a38ef7b\">Dur\u00e9e : 50 min environ (couvent uniquement)<br>Jauge : de 11 \u00e0 50 personnes<\/p>\n\n\n\n<div class=\"wp-block-buttons is-content-justification-center is-layout-flex wp-container-core-buttons-is-layout-16018d1d wp-block-buttons-is-layout-flex\">\n<div class=\"wp-block-button is-style-white\"><a class=\"wp-block-button__link   has-text-align-center wp-element-button\" href=\"https:\/\/jacobins.toulouse.fr\/fr\/venir-en-groupe\/visite-groupe\/#contact\">R\u00e9server pour un groupe<\/a><\/div>\n<\/div>\n<\/div><\/div>\n<\/div>\n<\/div><\/div><\/section>\n\n<section class=\"section-group\"><div class=\"container\"><div class=\"pure-g\">\n<div class=\"wp-block-group is-layout-constrained wp-block-group-is-layout-constrained\">\n<h2 class=\"wp-block-heading\" id=\"plan-guide\">Plan-guide<\/h2>\n\n\n\n<p class=\"has-black-color has-text-color\" style=\"font-size:19px\">Disponible en <strong>fran\u00e7ais<\/strong>, en<strong> anglais<\/strong>, en<strong> italien<\/strong>, en <strong>espagnol<\/strong>, en <strong>allemand<\/strong>, en <strong>portugais<\/strong> et en <strong>occitan<\/strong>, notre plan-guide est consultable et t\u00e9l\u00e9chargeable en ligne (ci-dessous). \u00c9galement disponible en version papier, retrouvez le plan-guide en <strong>libre acc\u00e8s<\/strong> \u00e0 l\u2019<strong>entr\u00e9e de l\u2019\u00e9glise<\/strong> et \u00e0 l&rsquo;<strong>accueil-boutique.<\/strong><\/p>\n\n\n\n<figure   aria-label=\"\"  class=\"wp-block-image aligncenter size-large is-resized\"><img loading=\"lazy\" decoding=\"async\" width=\"1024\" height=\"519\" src=\"https:\/\/jacobins.toulouse.fr\/wp-content\/uploads\/sites\/12\/2024\/07\/CDJ_DEPLIANT_PLAN-GUIDE_EXE-vecto2-1024x519.jpg\" alt=\"\" class=\"wp-image-8482\" style=\"width:586px;height:auto\" srcset=\"https:\/\/jacobins.toulouse.fr\/wp-content\/uploads\/sites\/12\/2024\/07\/CDJ_DEPLIANT_PLAN-GUIDE_EXE-vecto2-1024x519.jpg 1024w, https:\/\/jacobins.toulouse.fr\/wp-content\/uploads\/sites\/12\/2024\/07\/CDJ_DEPLIANT_PLAN-GUIDE_EXE-vecto2-300x152.jpg 300w, https:\/\/jacobins.toulouse.fr\/wp-content\/uploads\/sites\/12\/2024\/07\/CDJ_DEPLIANT_PLAN-GUIDE_EXE-vecto2-768x389.jpg 768w, https:\/\/jacobins.toulouse.fr\/wp-content\/uploads\/sites\/12\/2024\/07\/CDJ_DEPLIANT_PLAN-GUIDE_EXE-vecto2-1536x779.jpg 1536w, https:\/\/jacobins.toulouse.fr\/wp-content\/uploads\/sites\/12\/2024\/07\/CDJ_DEPLIANT_PLAN-GUIDE_EXE-vecto2-2048x1039.jpg 2048w, https:\/\/jacobins.toulouse.fr\/wp-content\/uploads\/sites\/12\/2024\/07\/CDJ_DEPLIANT_PLAN-GUIDE_EXE-vecto2-414x210.jpg 414w\" sizes=\"(max-width: 1024px) 100vw, 1024px\" \/><\/figure>\n\n\n\n<div class=\"wp-block-buttons is-content-justification-center is-layout-flex wp-container-core-buttons-is-layout-16018d1d wp-block-buttons-is-layout-flex\">\n<div class=\"wp-block-button\"><a class=\"wp-block-button__link wp-element-button\" href=\"https:\/\/www.calameo.com\/toulouse\/read\/00597181110c7742786d4\" target=\"_blank\" rel=\"noreferrer noopener\">Fran\u00e7ais<\/a><\/div>\n\n\n\n<div class=\"wp-block-button\"><a class=\"wp-block-button__link wp-element-button\" href=\"https:\/\/www.calameo.com\/toulouse\/read\/005971811179980ab6770\" target=\"_blank\" rel=\"noreferrer noopener\">Anglais<\/a><\/div>\n\n\n\n<div class=\"wp-block-button\"><a class=\"wp-block-button__link wp-element-button\" href=\"https:\/\/www.calameo.com\/toulouse\/read\/005971811741fba188c28\" target=\"_blank\" rel=\"noreferrer noopener\">Espagnol<\/a><\/div>\n\n\n\n<div class=\"wp-block-button\"><a class=\"wp-block-button__link wp-element-button\" href=\"https:\/\/www.calameo.com\/toulouse\/read\/005971811d95d48f88258\" target=\"_blank\" rel=\"noreferrer noopener\">Italien<\/a><\/div>\n\n\n\n<div class=\"wp-block-button\"><a class=\"wp-block-button__link wp-element-button\" href=\"https:\/\/www.calameo.com\/toulouse\/read\/0059718118e2542c20f70\" target=\"_blank\" rel=\"noreferrer noopener\">Allemand<\/a><\/div>\n\n\n\n<div class=\"wp-block-button\"><a class=\"wp-block-button__link wp-element-button\" href=\"https:\/\/www.calameo.com\/toulouse\/read\/005971811f0fddc8f277f\" target=\"_blank\" rel=\"noreferrer noopener\">Portugais<\/a><\/div>\n\n\n\n<div class=\"wp-block-button\"><a class=\"wp-block-button__link wp-element-button\" href=\"https:\/\/www.calameo.com\/toulouse\/read\/0059718115dad1d2205c2\" target=\"_blank\" rel=\"noreferrer noopener\">Occitan<\/a><\/div>\n<\/div>\n<\/div>\n<\/div><\/div><\/section>\n\n<section class=\"section-group\"><div class=\"container\"><div class=\"pure-g\">\n<div class=\"wp-block-group is-layout-constrained wp-block-group-is-layout-constrained\">\n<div class=\"wp-block-media-text has-media-on-the-right is-stacked-on-mobile is-image-fill-element\" style=\"grid-template-columns:auto 40%\"><div class=\"wp-block-media-text__content\">\n<h2 class=\"wp-block-heading\" id=\"parcours-interpretation\">Parcours d&rsquo;interpr\u00e9tation<\/h2>\n\n\n\n<p style=\"font-size:19px\">Le <strong>parcours d\u2019interpr\u00e9tation<\/strong> vous permet de parcourir le monument en toute libert\u00e9 tout en vous impr\u00e9gnant de l&rsquo;atmosph\u00e8re des lieux. <strong>Panneaux<\/strong>, <strong>lutrins<\/strong> et <strong>bornes multim\u00e9dia<\/strong> fournissent des informations sur <strong>l\u2019histoire et l\u2019architecture<\/strong> au fil des diff\u00e9rentes salles du couvent. Le monument n\u2019aura plus aucun secret pour vous.<\/p>\n\n\n\n<div class=\"wp-block-buttons is-content-justification-center is-layout-flex wp-container-core-buttons-is-layout-16018d1d wp-block-buttons-is-layout-flex\">\n<div class=\"wp-block-button\"><a class=\"wp-block-button__link wp-element-button\" href=\"https:\/\/jacobins.toulouse.fr\/fr\/visite-en-famille\/\">VISITER EN FAMILLE<\/a><\/div>\n\n\n\n<div class=\"wp-block-button\"><a class=\"wp-block-button__link wp-element-button\" href=\"https:\/\/jacobins.toulouse.fr\/fr\/accessibilite-handicap\/\">Voir les am\u00e9nagements \u00e0 l&rsquo;accessibilit\u00e9<\/a><\/div>\n<\/div>\n<\/div><figure class=\"wp-block-media-text__media\"><img loading=\"lazy\" decoding=\"async\" width=\"1024\" height=\"683\" src=\"https:\/\/jacobins.toulouse.fr\/wp-content\/uploads\/sites\/12\/2023\/10\/1-Borne-Multimedia-du-cloitre-1024x683.jpg\" alt=\"\" class=\"wp-image-5100 size-full\" style=\"object-position:46% 40%\" srcset=\"https:\/\/jacobins.toulouse.fr\/wp-content\/uploads\/sites\/12\/2023\/10\/1-Borne-Multimedia-du-cloitre-1024x683.jpg 1024w, https:\/\/jacobins.toulouse.fr\/wp-content\/uploads\/sites\/12\/2023\/10\/1-Borne-Multimedia-du-cloitre-300x200.jpg 300w, https:\/\/jacobins.toulouse.fr\/wp-content\/uploads\/sites\/12\/2023\/10\/1-Borne-Multimedia-du-cloitre-768x512.jpg 768w, https:\/\/jacobins.toulouse.fr\/wp-content\/uploads\/sites\/12\/2023\/10\/1-Borne-Multimedia-du-cloitre-1536x1024.jpg 1536w, https:\/\/jacobins.toulouse.fr\/wp-content\/uploads\/sites\/12\/2023\/10\/1-Borne-Multimedia-du-cloitre-2048x1365.jpg 2048w, https:\/\/jacobins.toulouse.fr\/wp-content\/uploads\/sites\/12\/2023\/10\/1-Borne-Multimedia-du-cloitre-414x276.jpg 414w\" sizes=\"(max-width: 1024px) 100vw, 1024px\" \/><\/figure><\/div>\n<\/div>\n<\/div><\/div><\/section>\n\n\n<hr class=\"wp-block-separator has-alpha-channel-opacity\"\/>\n\n\n<section class=\"section-group\"><div class=\"container\"><div class=\"pure-g\">\n<div class=\"wp-block-group is-layout-constrained wp-block-group-is-layout-constrained\">\n<h2 class=\"wp-block-heading\" id=\"mediation\">M\u00e9diation<\/h2>\n\n\n\n<p style=\"font-size:19px\">Et pour mieux vous <strong>accompagner<\/strong>, pensez \u00e0 consulter nos <strong>offres de visites guid\u00e9es<\/strong>, d&rsquo;ateliers et d&rsquo;animations diverses, con\u00e7ues pour \u00eatre \u00e0 la fois \u00e9ducatives et divertissantes. Ces activit\u00e9s et visites sont cr\u00e9\u00e9es et anim\u00e9es par des professionnels de la m\u00e9diation culturelle, passionn\u00e9s et exp\u00e9riment\u00e9s. Les animations sont g\u00e9n\u00e9ralement comprises dans le billet d&rsquo;entr\u00e9e.<\/p>\n\n\n\n<div class=\"wp-block-buttons is-content-justification-center is-layout-flex wp-container-core-buttons-is-layout-16018d1d wp-block-buttons-is-layout-flex\">\n<div class=\"wp-block-button\"><a class=\"wp-block-button__link wp-element-button\" href=\"\/agenda\">Agenda<\/a><\/div>\n\n\n\n<div class=\"wp-block-button\"><a class=\"wp-block-button__link wp-element-button\" href=\"https:\/\/jacobins.toulouse.fr\/fr\/visites-guidees\/\">Visites guid\u00e9es<\/a><\/div>\n<\/div>\n<\/div>\n<\/div><\/div><\/section>\n\n    <section class=\"gutenberg-immersive-visual alignfull\">\n          <picture class=\"splide__image\">\n            <source media=\"(min-width: 57.6rem)\"\n                    srcset=\"https:\/\/jacobins.toulouse.fr\/wp-content\/uploads\/sites\/12\/2023\/08\/Colorama-Bas.png 2880w, https:\/\/jacobins.toulouse.fr\/wp-content\/uploads\/sites\/12\/2023\/08\/Colorama-Bas-300x28.png 300w, https:\/\/jacobins.toulouse.fr\/wp-content\/uploads\/sites\/12\/2023\/08\/Colorama-Bas-1024x94.png 1024w, https:\/\/jacobins.toulouse.fr\/wp-content\/uploads\/sites\/12\/2023\/08\/Colorama-Bas-768x70.png 768w, https:\/\/jacobins.toulouse.fr\/wp-content\/uploads\/sites\/12\/2023\/08\/Colorama-Bas-1536x141.png 1536w, https:\/\/jacobins.toulouse.fr\/wp-content\/uploads\/sites\/12\/2023\/08\/Colorama-Bas-2048x188.png 2048w, https:\/\/jacobins.toulouse.fr\/wp-content\/uploads\/sites\/12\/2023\/08\/Colorama-Bas-414x38.png 414w\"\n                    class=\"attachment-full size-full pure-img\"\n                    >\n            <source\n                srcset=\"https:\/\/jacobins.toulouse.fr\/wp-content\/uploads\/sites\/12\/2023\/08\/Colorama-Mobile-BD.png 640w, https:\/\/jacobins.toulouse.fr\/wp-content\/uploads\/sites\/12\/2023\/08\/Colorama-Mobile-BD-300x141.png 300w, https:\/\/jacobins.toulouse.fr\/wp-content\/uploads\/sites\/12\/2023\/08\/Colorama-Mobile-BD-414x194.png 414w, https:\/\/jacobins.toulouse.fr\/wp-content\/uploads\/sites\/12\/2023\/08\/Colorama-Mobile-BD-213x100.png 213w\"\n                sizes=\"(max-width: 2880px) 100vw, 2880px\">\n            <img decoding=\"async\" src=\"https:\/\/jacobins.toulouse.fr\/wp-content\/uploads\/sites\/12\/2023\/08\/Colorama-Bas.png\"\n                srcset=\"https:\/\/jacobins.toulouse.fr\/wp-content\/uploads\/sites\/12\/2023\/08\/Colorama-Bas.png 2880w, https:\/\/jacobins.toulouse.fr\/wp-content\/uploads\/sites\/12\/2023\/08\/Colorama-Bas-300x28.png 300w, https:\/\/jacobins.toulouse.fr\/wp-content\/uploads\/sites\/12\/2023\/08\/Colorama-Bas-1024x94.png 1024w, https:\/\/jacobins.toulouse.fr\/wp-content\/uploads\/sites\/12\/2023\/08\/Colorama-Bas-768x70.png 768w, https:\/\/jacobins.toulouse.fr\/wp-content\/uploads\/sites\/12\/2023\/08\/Colorama-Bas-1536x141.png 1536w, https:\/\/jacobins.toulouse.fr\/wp-content\/uploads\/sites\/12\/2023\/08\/Colorama-Bas-2048x188.png 2048w, https:\/\/jacobins.toulouse.fr\/wp-content\/uploads\/sites\/12\/2023\/08\/Colorama-Bas-414x38.png 414w\"\n                sizes=\"(min-width: 60rem) 60rem, 100vw\"\n                class=\"splide__image\"\n                alt=\"\"\n            >\n          <\/picture>\n            <\/section>\n","protected":false},"excerpt":{"rendered":"<p>Que vous veniez en groupe ou en solo, le Couvent des Jacobins se d\u00e9couvre \u00e0 votre rythme. La visite libre permet d\u2019explorer le lieu sans guide, tout en profitant de l\u2019espace. Des outils d\u2019aide \u00e0&hellip;<\/p>\n","protected":false},"author":69,"featured_media":0,"parent":0,"menu_order":0,"comment_status":"closed","ping_status":"closed","template":"","meta":{"_acf_changed":false,"footnotes":""},"class_list":["post-5038","page","type-page","status-publish","hentry"],"acf":[],"yoast_head":"<!-- This site is optimized with the Yoast SEO plugin v27.0 - https:\/\/yoast.com\/product\/yoast-seo-wordpress\/ -->\n<title>D\u00e9couvrir le Couvent des Jacobins en autonomie - Couvent des Jacobins<\/title>\n<meta name=\"description\" content=\"D\u00e9couvrir le Couvent des Jacobins en autonomie et \u00e0 votre rythme gr\u00e2ce \u00e0 nos outils de visite, plans et supports interactifs.\" \/>\n<meta name=\"robots\" content=\"index, follow, max-snippet:-1, max-image-preview:large, max-video-preview:-1\" \/>\n<link rel=\"canonical\" href=\"https:\/\/jacobins.toulouse.fr\/fr\/visite-en-autonomie\/\" \/>\n<meta property=\"og:locale\" content=\"fr_FR\" \/>\n<meta property=\"og:type\" content=\"article\" \/>\n<meta property=\"og:title\" content=\"D\u00e9couvrir le Couvent des Jacobins en autonomie - Couvent des Jacobins\" \/>\n<meta property=\"og:description\" content=\"D\u00e9couvrir le Couvent des Jacobins en autonomie et \u00e0 votre rythme gr\u00e2ce \u00e0 nos outils de visite, plans et supports interactifs.\" \/>\n<meta property=\"og:url\" content=\"https:\/\/jacobins.toulouse.fr\/fr\/visite-en-autonomie\/\" \/>\n<meta property=\"og:site_name\" content=\"Couvent des Jacobins\" \/>\n<meta property=\"article:modified_time\" content=\"2025-11-13T08:42:27+00:00\" \/>\n<meta property=\"og:image\" content=\"https:\/\/jacobins.toulouse.fr\/wp-content\/uploads\/sites\/12\/2023\/10\/marche-violettes-1.gif\" \/>\n\t<meta property=\"og:image:width\" content=\"100\" \/>\n\t<meta property=\"og:image:height\" content=\"100\" \/>\n\t<meta property=\"og:image:type\" content=\"image\/gif\" \/>\n<meta name=\"twitter:card\" content=\"summary_large_image\" \/>\n<meta name=\"twitter:label1\" content=\"Dur\u00e9e de lecture estim\u00e9e\" \/>\n\t<meta name=\"twitter:data1\" content=\"3 minutes\" \/>\n<script type=\"application\/ld+json\" class=\"yoast-schema-graph\">{\"@context\":\"https:\/\/schema.org\",\"@graph\":[{\"@type\":\"WebPage\",\"@id\":\"https:\/\/jacobins.toulouse.fr\/fr\/visite-en-autonomie\/\",\"url\":\"https:\/\/jacobins.toulouse.fr\/fr\/visite-en-autonomie\/\",\"name\":\"D\u00e9couvrir le Couvent des Jacobins en autonomie - Couvent des Jacobins\",\"isPartOf\":{\"@id\":\"https:\/\/jacobins.toulouse.fr\/fr\/#website\"},\"primaryImageOfPage\":{\"@id\":\"https:\/\/jacobins.toulouse.fr\/fr\/visite-en-autonomie\/#primaryimage\"},\"image\":{\"@id\":\"https:\/\/jacobins.toulouse.fr\/fr\/visite-en-autonomie\/#primaryimage\"},\"thumbnailUrl\":\"https:\/\/jacobins.toulouse.fr\/wp-content\/uploads\/sites\/12\/2023\/10\/marche-violettes-1.gif\",\"datePublished\":\"2023-10-11T09:40:25+00:00\",\"dateModified\":\"2025-11-13T08:42:27+00:00\",\"description\":\"D\u00e9couvrir le Couvent des Jacobins en autonomie et \u00e0 votre rythme gr\u00e2ce \u00e0 nos outils de visite, plans et supports interactifs.\",\"breadcrumb\":{\"@id\":\"https:\/\/jacobins.toulouse.fr\/fr\/visite-en-autonomie\/#breadcrumb\"},\"inLanguage\":\"fr-FR\",\"potentialAction\":[{\"@type\":\"ReadAction\",\"target\":[\"https:\/\/jacobins.toulouse.fr\/fr\/visite-en-autonomie\/\"]}]},{\"@type\":\"ImageObject\",\"inLanguage\":\"fr-FR\",\"@id\":\"https:\/\/jacobins.toulouse.fr\/fr\/visite-en-autonomie\/#primaryimage\",\"url\":\"https:\/\/jacobins.toulouse.fr\/wp-content\/uploads\/sites\/12\/2023\/10\/marche-violettes-1.gif\",\"contentUrl\":\"https:\/\/jacobins.toulouse.fr\/wp-content\/uploads\/sites\/12\/2023\/10\/marche-violettes-1.gif\"},{\"@type\":\"BreadcrumbList\",\"@id\":\"https:\/\/jacobins.toulouse.fr\/fr\/visite-en-autonomie\/#breadcrumb\",\"itemListElement\":[{\"@type\":\"ListItem\",\"position\":1,\"name\":\"Accueil\",\"item\":\"https:\/\/jacobins.toulouse.fr\/fr\/\"},{\"@type\":\"ListItem\",\"position\":2,\"name\":\"D\u00e9couvrir le Couvent des Jacobins en autonomie\"}]},{\"@type\":\"WebSite\",\"@id\":\"https:\/\/jacobins.toulouse.fr\/fr\/#website\",\"url\":\"https:\/\/jacobins.toulouse.fr\/fr\/\",\"name\":\"Couvent des Jacobins\",\"description\":\"\",\"publisher\":{\"@id\":\"https:\/\/jacobins.toulouse.fr\/fr\/#organization\"},\"potentialAction\":[{\"@type\":\"SearchAction\",\"target\":{\"@type\":\"EntryPoint\",\"urlTemplate\":\"https:\/\/jacobins.toulouse.fr\/fr\/search\/{search_term_string}\"},\"query-input\":{\"@type\":\"PropertyValueSpecification\",\"valueRequired\":true,\"valueName\":\"search_term_string\"}}],\"inLanguage\":\"fr-FR\"},{\"@type\":\"Organization\",\"@id\":\"https:\/\/jacobins.toulouse.fr\/fr\/#organization\",\"name\":\"Couvent des Jacobins\",\"url\":\"https:\/\/jacobins.toulouse.fr\/fr\/\",\"logo\":{\"@type\":\"ImageObject\",\"inLanguage\":\"fr-FR\",\"@id\":\"https:\/\/jacobins.toulouse.fr\/fr\/#\/schema\/logo\/image\/\",\"url\":\"https:\/\/jacobins.toulouse.fr\/wp-content\/uploads\/sites\/12\/2023\/08\/cropped-cropped-Logo-Jacobins.png\",\"contentUrl\":\"https:\/\/jacobins.toulouse.fr\/wp-content\/uploads\/sites\/12\/2023\/08\/cropped-cropped-Logo-Jacobins.png\",\"width\":254,\"height\":150,\"caption\":\"Couvent des Jacobins\"},\"image\":{\"@id\":\"https:\/\/jacobins.toulouse.fr\/fr\/#\/schema\/logo\/image\/\"}}]}<\/script>\n<!-- \/ Yoast SEO plugin. -->","yoast_head_json":{"title":"D\u00e9couvrir le Couvent des Jacobins en autonomie - Couvent des Jacobins","description":"D\u00e9couvrir le Couvent des Jacobins en autonomie et \u00e0 votre rythme gr\u00e2ce \u00e0 nos outils de visite, plans et supports interactifs.","robots":{"index":"index","follow":"follow","max-snippet":"max-snippet:-1","max-image-preview":"max-image-preview:large","max-video-preview":"max-video-preview:-1"},"canonical":"https:\/\/jacobins.toulouse.fr\/fr\/visite-en-autonomie\/","og_locale":"fr_FR","og_type":"article","og_title":"D\u00e9couvrir le Couvent des Jacobins en autonomie - Couvent des Jacobins","og_description":"D\u00e9couvrir le Couvent des Jacobins en autonomie et \u00e0 votre rythme gr\u00e2ce \u00e0 nos outils de visite, plans et supports interactifs.","og_url":"https:\/\/jacobins.toulouse.fr\/fr\/visite-en-autonomie\/","og_site_name":"Couvent des Jacobins","article_modified_time":"2025-11-13T08:42:27+00:00","og_image":[{"width":100,"height":100,"url":"https:\/\/jacobins.toulouse.fr\/wp-content\/uploads\/sites\/12\/2023\/10\/marche-violettes-1.gif","type":"image\/gif"}],"twitter_card":"summary_large_image","twitter_misc":{"Dur\u00e9e de lecture estim\u00e9e":"3 minutes"},"schema":{"@context":"https:\/\/schema.org","@graph":[{"@type":"WebPage","@id":"https:\/\/jacobins.toulouse.fr\/fr\/visite-en-autonomie\/","url":"https:\/\/jacobins.toulouse.fr\/fr\/visite-en-autonomie\/","name":"D\u00e9couvrir le Couvent des Jacobins en autonomie - Couvent des Jacobins","isPartOf":{"@id":"https:\/\/jacobins.toulouse.fr\/fr\/#website"},"primaryImageOfPage":{"@id":"https:\/\/jacobins.toulouse.fr\/fr\/visite-en-autonomie\/#primaryimage"},"image":{"@id":"https:\/\/jacobins.toulouse.fr\/fr\/visite-en-autonomie\/#primaryimage"},"thumbnailUrl":"https:\/\/jacobins.toulouse.fr\/wp-content\/uploads\/sites\/12\/2023\/10\/marche-violettes-1.gif","datePublished":"2023-10-11T09:40:25+00:00","dateModified":"2025-11-13T08:42:27+00:00","description":"D\u00e9couvrir le Couvent des Jacobins en autonomie et \u00e0 votre rythme gr\u00e2ce \u00e0 nos outils de visite, plans et supports interactifs.","breadcrumb":{"@id":"https:\/\/jacobins.toulouse.fr\/fr\/visite-en-autonomie\/#breadcrumb"},"inLanguage":"fr-FR","potentialAction":[{"@type":"ReadAction","target":["https:\/\/jacobins.toulouse.fr\/fr\/visite-en-autonomie\/"]}]},{"@type":"ImageObject","inLanguage":"fr-FR","@id":"https:\/\/jacobins.toulouse.fr\/fr\/visite-en-autonomie\/#primaryimage","url":"https:\/\/jacobins.toulouse.fr\/wp-content\/uploads\/sites\/12\/2023\/10\/marche-violettes-1.gif","contentUrl":"https:\/\/jacobins.toulouse.fr\/wp-content\/uploads\/sites\/12\/2023\/10\/marche-violettes-1.gif"},{"@type":"BreadcrumbList","@id":"https:\/\/jacobins.toulouse.fr\/fr\/visite-en-autonomie\/#breadcrumb","itemListElement":[{"@type":"ListItem","position":1,"name":"Accueil","item":"https:\/\/jacobins.toulouse.fr\/fr\/"},{"@type":"ListItem","position":2,"name":"D\u00e9couvrir le Couvent des Jacobins en autonomie"}]},{"@type":"WebSite","@id":"https:\/\/jacobins.toulouse.fr\/fr\/#website","url":"https:\/\/jacobins.toulouse.fr\/fr\/","name":"Couvent des Jacobins","description":"","publisher":{"@id":"https:\/\/jacobins.toulouse.fr\/fr\/#organization"},"potentialAction":[{"@type":"SearchAction","target":{"@type":"EntryPoint","urlTemplate":"https:\/\/jacobins.toulouse.fr\/fr\/search\/{search_term_string}"},"query-input":{"@type":"PropertyValueSpecification","valueRequired":true,"valueName":"search_term_string"}}],"inLanguage":"fr-FR"},{"@type":"Organization","@id":"https:\/\/jacobins.toulouse.fr\/fr\/#organization","name":"Couvent des Jacobins","url":"https:\/\/jacobins.toulouse.fr\/fr\/","logo":{"@type":"ImageObject","inLanguage":"fr-FR","@id":"https:\/\/jacobins.toulouse.fr\/fr\/#\/schema\/logo\/image\/","url":"https:\/\/jacobins.toulouse.fr\/wp-content\/uploads\/sites\/12\/2023\/08\/cropped-cropped-Logo-Jacobins.png","contentUrl":"https:\/\/jacobins.toulouse.fr\/wp-content\/uploads\/sites\/12\/2023\/08\/cropped-cropped-Logo-Jacobins.png","width":254,"height":150,"caption":"Couvent des Jacobins"},"image":{"@id":"https:\/\/jacobins.toulouse.fr\/fr\/#\/schema\/logo\/image\/"}}]}},"_links":{"self":[{"href":"https:\/\/jacobins.toulouse.fr\/fr\/wp-json\/wp\/v2\/pages\/5038","targetHints":{"allow":["GET"]}}],"collection":[{"href":"https:\/\/jacobins.toulouse.fr\/fr\/wp-json\/wp\/v2\/pages"}],"about":[{"href":"https:\/\/jacobins.toulouse.fr\/fr\/wp-json\/wp\/v2\/types\/page"}],"author":[{"embeddable":true,"href":"https:\/\/jacobins.toulouse.fr\/fr\/wp-json\/wp\/v2\/users\/69"}],"replies":[{"embeddable":true,"href":"https:\/\/jacobins.toulouse.fr\/fr\/wp-json\/wp\/v2\/comments?post=5038"}],"version-history":[{"count":110,"href":"https:\/\/jacobins.toulouse.fr\/fr\/wp-json\/wp\/v2\/pages\/5038\/revisions"}],"predecessor-version":[{"id":10660,"href":"https:\/\/jacobins.toulouse.fr\/fr\/wp-json\/wp\/v2\/pages\/5038\/revisions\/10660"}],"wp:attachment":[{"href":"https:\/\/jacobins.toulouse.fr\/fr\/wp-json\/wp\/v2\/media?parent=5038"}],"curies":[{"name":"wp","href":"https:\/\/api.w.org\/{rel}","templated":true}]}}